{"id":30132,"date":"2016-09-04T15:08:50","date_gmt":"2016-09-04T13:08:50","guid":{"rendered":"http:\/\/laura-la-risa.de.w01c716b.kasserver.com\/pressearchiv"},"modified":"2018-06-30T21:08:46","modified_gmt":"2018-06-30T19:08:46","slug":"pressearchiv","status":"publish","type":"page","link":"https:\/\/laura-la-risa.de\/es\/pressearchiv","title":{"rendered":"Prensa"},"content":{"rendered":"<p>[et_pb_section bb_built=\u00bb1&#8243; admin_label=\u00bbSection\u00bb fullwidth=\u00bboff\u00bb specialty=\u00bboff\u00bb background_image=\u00bbhttp:\/\/laura-la-risa.de.w01c716b.kasserver.com\/wp-content\/uploads\/2016\/09\/be-berlinternational-laura-la-risa.jpg\u00bb transparent_background=\u00bboff\u00bb background_color=\u00bb#ffffff\u00bb allow_player_pause=\u00bboff\u00bb inner_shadow=\u00bboff\u00bb parallax=\u00bboff\u00bb parallax_method=\u00bboff\u00bb padding_mobile=\u00bboff\u00bb make_fullwidth=\u00bboff\u00bb use_custom_width=\u00bboff\u00bb width_unit=\u00bbon\u00bb make_equal=\u00bboff\u00bb use_custom_gutter=\u00bboff\u00bb custom_css_after=\u00bbtop: 0;||left: 0;||bottom: 0;||right: 0;||position: absolute;||z-index: 1;||\u00bb collapsed=\u00bboff\u00bb custom_css_main_element=\u00bbheight: 100vh;\u00bb custom_padding_tablet=\u00bb50px|0|50px|0&#8243; custom_padding_last_edited=\u00bbon|desktop\u00bb][et_pb_row admin_label=\u00bbRow\u00bb make_fullwidth=\u00bboff\u00bb use_custom_width=\u00bboff\u00bb width_unit=\u00bbon\u00bb use_custom_gutter=\u00bboff\u00bb padding_mobile=\u00bboff\u00bb allow_player_pause=\u00bboff\u00bb parallax=\u00bboff\u00bb parallax_method=\u00bboff\u00bb make_equal=\u00bboff\u00bb parallax_1=\u00bboff\u00bb parallax_method_1=\u00bboff\u00bb column_padding_mobile=\u00bbon\u00bb custom_padding=\u00bb7%||4%|\u00bb background_position=\u00bbtop_left\u00bb background_repeat=\u00bbrepeat\u00bb background_size=\u00bbinitial\u00bb][et_pb_column type=\u00bb4_4&#8243;][et_pb_cta admin_label=\u00bbPresse Archiv\u00bb url_new_window=\u00bboff\u00bb use_background_color=\u00bboff\u00bb background_color=\u00bb#fcbf00&#8243; background_layout=\u00bbdark\u00bb text_orientation=\u00bbcenter\u00bb header_font_size=\u00bb50&#8243; header_font_size_tablet=\u00bb40&#8243; header_font_size_phone=\u00bb30&#8243; header_font_size_last_edited=\u00bbon|desktop\u00bb use_border_color=\u00bboff\u00bb border_color=\u00bb#ffffff\u00bb border_style=\u00bbsolid\u00bb custom_button=\u00bboff\u00bb button_border_radius=\u00bb0&#8243; button_use_icon=\u00bbdefault\u00bb button_icon_placement=\u00bbright\u00bb button_on_hover=\u00bbon\u00bb button_letter_spacing_hover=\u00bb0&#8243; module_id=\u00bbtoptext\u00bb custom_css_promo_title=\u00bbfont-weight:800;\u00bb header_font=\u00bbOpen Sans|||on|\u00bb header_text_color=\u00bb#ffffff\u00bb header_line_height=\u00bb1.4em\u00bb body_font=\u00bbOpen Sans||||\u00bb body_font_size=\u00bb18&#8243; body_text_color=\u00bb#ffffff\u00bb body_line_height=\u00bb1.5em\u00bb custom_css_main_element=\u00bbposition: relative; z-index: 10;\u00bb button_letter_spacing=\u00bb0&#8243; custom_padding=\u00bb35%|||\u00bb background_position=\u00bbtop_left\u00bb background_repeat=\u00bbrepeat\u00bb background_size=\u00bbinitial\u00bb]<\/p>\n<h2>Archivo de\u00a0<span style=\"color: #be1818;\">Prensa<\/span><\/h2>\n<p>[\/et_pb_cta][\/et_pb_column][\/et_pb_row][\/et_pb_section][et_pb_section bb_built=\u00bb1&#8243; admin_label=\u00bbsection\u00bb transparent_background=\u00bboff\u00bb background_color=\u00bb#ffffff\u00bb allow_player_pause=\u00bboff\u00bb inner_shadow=\u00bboff\u00bb parallax=\u00bboff\u00bb parallax_method=\u00bboff\u00bb padding_mobile=\u00bboff\u00bb make_fullwidth=\u00bboff\u00bb use_custom_width=\u00bboff\u00bb width_unit=\u00bbon\u00bb make_equal=\u00bboff\u00bb use_custom_gutter=\u00bboff\u00bb custom_padding_tablet=\u00bb50px|0|50px|0&#8243; custom_padding_last_edited=\u00bbon|desktop\u00bb][et_pb_row admin_label=\u00bbRow\u00bb make_fullwidth=\u00bboff\u00bb use_custom_width=\u00bboff\u00bb width_unit=\u00bbon\u00bb use_custom_gutter=\u00bboff\u00bb custom_padding=\u00bb3%||3%|\u00bb padding_mobile=\u00bboff\u00bb allow_player_pause=\u00bboff\u00bb parallax=\u00bboff\u00bb parallax_method=\u00bboff\u00bb make_equal=\u00bboff\u00bb parallax_1=\u00bboff\u00bb parallax_method_1=\u00bboff\u00bb parallax_2=\u00bboff\u00bb parallax_method_2=\u00bboff\u00bb column_padding_mobile=\u00bbon\u00bb custom_padding_last_edited=\u00bbon|desktop\u00bb background_position=\u00bbtop_left\u00bb background_repeat=\u00bbrepeat\u00bb background_size=\u00bbinitial\u00bb][et_pb_column type=\u00bb1_2&#8243;][et_pb_cta admin_label=\u00bbPresse in 2018&#8243; url_new_window=\u00bboff\u00bb use_background_color=\u00bboff\u00bb background_color=\u00bb#fcbf00&#8243; background_layout=\u00bbdark\u00bb header_font_size_last_edited=\u00bbon|phone\u00bb use_border_color=\u00bboff\u00bb custom_button=\u00bbon\u00bb button_letter_spacing=\u00bb2&#8243; button_icon_placement=\u00bbright\u00bb button_letter_spacing_hover=\u00bb2&#8243; custom_css_promo_button=\u00bbmargin-top: 30px;\u00bb header_font_size=\u00bb38&#8243; header_font_size_phone=\u00bb28&#8243; header_font_size_tablet=\u00bb34&#8243; module_id=\u00bbtoptext\u00bb button_border_radius=\u00bb0&#8243; button_text_size_last_edited=\u00bbon|desktop\u00bb button_text_size_phone=\u00bb18&#8243; header_text_color=\u00bb#ffffff\u00bb header_line_height=\u00bb1.2em\u00bb button_text_color=\u00bb#ffffff\u00bb button_bg_color=\u00bbrgba(0,0,0,0)\u00bb button_border_color=\u00bb#ffffff\u00bb button_icon=\u00bb%%24%%\u00bb button_text_color_hover=\u00bb#ffffff\u00bb button_bg_color_hover=\u00bbrgba(255,255,255,0.2)\u00bb button_border_color_hover=\u00bbrgba(255,255,255,0)\u00bb custom_css_promo_title=\u00bbfont-weight: 800;\u00bb body_line_height=\u00bb1.5em\u00bb button_font=\u00bbOswald|||on|\u00bb button_border_radius_hover=\u00bb0&#8243; custom_css_main_element=\u00bbposition: relative; z-index: 10;\u00bb background_position=\u00bbtop_left\u00bb background_repeat=\u00bbrepeat\u00bb background_size=\u00bbinitial\u00bb _builder_version=\u00bb3.0.93&#8243;]<\/p>\n<h2>Prensa en\u00a0<span style=\"color: #be1818;\">2018<\/span><\/h2>\n<p>[\/et_pb_cta][\/et_pb_column][et_pb_column type=\u00bb1_2&#8243;][\/et_pb_column][\/et_pb_row][et_pb_row admin_label=\u00bbrow\u00bb background_position=\u00bbtop_left\u00bb background_repeat=\u00bbrepeat\u00bb background_size=\u00bbinitial\u00bb][et_pb_column type=\u00bb1_2&#8243;][et_pb_blurb admin_label=\u00bbBlurb\u00bb title=\u00bbStuttgarter Zeitung, Helgard Below, 16.06.2018&#8243; url_new_window=\u00bbon\u00bb use_icon=\u00bboff\u00bb font_icon=\u00bb%%372%%\u00bb icon_color=\u00bb#665555&#8243; use_circle=\u00bboff\u00bb circle_color=\u00bb#ffffff\u00bb use_circle_border=\u00bboff\u00bb circle_border_color=\u00bb#fcbf00&#8243; icon_placement=\u00bbleft\u00bb background_layout=\u00bblight\u00bb use_icon_font_size=\u00bbon\u00bb use_border_color=\u00bboff\u00bb icon_font_size=\u00bb22&#8243; header_font_size=\u00bb20&#8243; icon_font_size_last_edited=\u00bbon|desktop\u00bb custom_css_blurb_title=\u00bbfont-weight:800;||border-style: solid;||border-color: #aeafaf;||border-left-width: 1px;||padding: 0px 0px 0px 8px;||margin-left: -10px;\u00bb header_line_height=\u00bb1.2em\u00bb body_line_height=\u00bb1.5em\u00bb body_text_color=\u00bb#666666&#8243; background_position=\u00bbtop_left\u00bb background_repeat=\u00bbrepeat\u00bb background_size=\u00bbinitial\u00bb _builder_version=\u00bb3.0.93&#8243; max_width_tablet=\u00bb50px\u00bb]<\/p>\n<p><em>Carlos el Canario stimmt die spanische Gitarre an und Laura la Risa wirft energisch ihren Rock mit vielen Volants von links nach rechts. Dabei stampft sie einen Staccato-Rhythmus auf den Boden, als w\u00fcrde sie mit ihren hohen Abs\u00e4tzen trommeln. Nach vielen wilden Drehungen steckt sie in der Schlusspose die H\u00e4nde mit dem F\u00e4cher in die Luft und die Zuschauer klatschen und jubeln. In dieser lauen Mittsommernacht sitzen sie auf einer Bank im Park, trinken Rotwein, essen Tapas und dampfende Paella. Und dennoch sind sie nicht auf Besuch in Spanien, sondern in der Mecklenburgischen Seenplatte.<\/em><\/p>\n<p>[\/et_pb_blurb][\/et_pb_column][et_pb_column type=\u00bb1_2&#8243;][\/et_pb_column][\/et_pb_row][\/et_pb_section][et_pb_section bb_built=\u00bb1&#8243; admin_label=\u00bbsection\u00bb transparent_background=\u00bboff\u00bb background_color=\u00bb#ffffff\u00bb allow_player_pause=\u00bboff\u00bb inner_shadow=\u00bboff\u00bb parallax=\u00bboff\u00bb parallax_method=\u00bboff\u00bb padding_mobile=\u00bboff\u00bb make_fullwidth=\u00bboff\u00bb use_custom_width=\u00bboff\u00bb width_unit=\u00bbon\u00bb make_equal=\u00bboff\u00bb use_custom_gutter=\u00bboff\u00bb custom_padding_tablet=\u00bb50px|0|50px|0&#8243; custom_padding_last_edited=\u00bbon|desktop\u00bb][et_pb_row admin_label=\u00bbRow\u00bb make_fullwidth=\u00bboff\u00bb use_custom_width=\u00bboff\u00bb width_unit=\u00bbon\u00bb use_custom_gutter=\u00bboff\u00bb custom_padding=\u00bb3%||3%|\u00bb padding_mobile=\u00bboff\u00bb allow_player_pause=\u00bboff\u00bb parallax=\u00bboff\u00bb parallax_method=\u00bboff\u00bb make_equal=\u00bboff\u00bb parallax_1=\u00bboff\u00bb parallax_method_1=\u00bboff\u00bb parallax_2=\u00bboff\u00bb parallax_method_2=\u00bboff\u00bb column_padding_mobile=\u00bbon\u00bb custom_padding_last_edited=\u00bbon|desktop\u00bb background_position=\u00bbtop_left\u00bb background_repeat=\u00bbrepeat\u00bb background_size=\u00bbinitial\u00bb][et_pb_column type=\u00bb1_2&#8243;][et_pb_cta admin_label=\u00bbPresse in 2016&#8243; url_new_window=\u00bboff\u00bb use_background_color=\u00bboff\u00bb background_color=\u00bb#fcbf00&#8243; background_layout=\u00bbdark\u00bb text_orientation=\u00bbcenter\u00bb header_font_size_last_edited=\u00bbon|phone\u00bb use_border_color=\u00bboff\u00bb border_color=\u00bb#ffffff\u00bb border_style=\u00bbsolid\u00bb custom_button=\u00bbon\u00bb button_letter_spacing=\u00bb2&#8243; button_use_icon=\u00bbon\u00bb button_icon_placement=\u00bbright\u00bb button_on_hover=\u00bbon\u00bb button_letter_spacing_hover=\u00bb2&#8243; custom_css_promo_button=\u00bbmargin-top: 30px;\u00bb header_font_size=\u00bb38&#8243; header_font_size_phone=\u00bb28&#8243; header_font_size_tablet=\u00bb34&#8243; module_id=\u00bbtoptext\u00bb button_border_radius=\u00bb0&#8243; button_text_size_last_edited=\u00bbon|desktop\u00bb button_text_size_phone=\u00bb18&#8243; header_text_color=\u00bb#ffffff\u00bb header_line_height=\u00bb1.2em\u00bb button_text_color=\u00bb#ffffff\u00bb button_bg_color=\u00bbrgba(0,0,0,0)\u00bb button_border_color=\u00bb#ffffff\u00bb button_icon=\u00bb%%24%%\u00bb button_text_color_hover=\u00bb#ffffff\u00bb button_bg_color_hover=\u00bbrgba(255,255,255,0.2)\u00bb button_border_color_hover=\u00bbrgba(255,255,255,0)\u00bb custom_css_promo_title=\u00bbfont-weight: 800;\u00bb body_line_height=\u00bb1.5em\u00bb button_font=\u00bbOswald|||on|\u00bb button_border_radius_hover=\u00bb0&#8243; custom_css_main_element=\u00bbposition: relative; z-index: 10;\u00bb background_position=\u00bbtop_left\u00bb background_repeat=\u00bbrepeat\u00bb background_size=\u00bbinitial\u00bb]<\/p>\n<h2>Prensa en <span style=\"color: #be1818;\">2016<\/span><\/h2>\n<p>[\/et_pb_cta][\/et_pb_column][et_pb_column type=\u00bb1_2&#8243;][\/et_pb_column][\/et_pb_row][et_pb_row admin_label=\u00bbrow\u00bb background_position=\u00bbtop_left\u00bb background_repeat=\u00bbrepeat\u00bb background_size=\u00bbinitial\u00bb][et_pb_column type=\u00bb1_2&#8243;][et_pb_blurb admin_label=\u00bbBlurb\u00bb title=\u00bbFBB &amp;amp; Ryanair, Pressemitteilung, 03.11.2016&#8243; url_new_window=\u00bbon\u00bb use_icon=\u00bbon\u00bb font_icon=\u00bb%%372%%\u00bb icon_color=\u00bb#665555&#8243; use_circle=\u00bboff\u00bb circle_color=\u00bb#ffffff\u00bb use_circle_border=\u00bboff\u00bb circle_border_color=\u00bb#fcbf00&#8243; icon_placement=\u00bbleft\u00bb background_layout=\u00bblight\u00bb use_icon_font_size=\u00bbon\u00bb use_border_color=\u00bboff\u00bb icon_font_size=\u00bb22&#8243; header_font_size=\u00bb20&#8243; icon_font_size_last_edited=\u00bbon|desktop\u00bb custom_css_blurb_title=\u00bbfont-weight:800;||border-style: solid;||border-color: #aeafaf;||border-left-width: 1px;||padding: 0px 0px 0px 8px;||margin-left: -10px;\u00bb header_line_height=\u00bb1.2em\u00bb body_line_height=\u00bb1.5em\u00bb body_text_color=\u00bb#666666&#8243; url=\u00bbhttp:\/\/www.berlin-airport.de\/de\/presse\/mediathek\/fotos\/2016\/2016-pressefotos\/index.php?cid=5269901&#8243; background_position=\u00bbtop_left\u00bb background_repeat=\u00bbrepeat\u00bb background_size=\u00bbinitial\u00bb _builder_version=\u00bb3.0.93&#8243; max_width_tablet=\u00bb50px\u00bb]<\/p>\n<h3><img data-recalc-dims=\"1\" loading=\"lazy\" decoding=\"async\" class=\"alignnone size-medium wp-image-29386\" src=\"https:\/\/i0.wp.com\/laura-la-risa.de.w01c716b.kasserver.com\/wp-content\/uploads\/2016\/09\/ryanair-sevilla-laura-la-risa-300x225.jpg?resize=300%2C225\" alt=\"ryanair-sevilla-laura-la-risa\" width=\"300\" height=\"225\" srcset=\"https:\/\/i0.wp.com\/laura-la-risa.de\/wp-content\/uploads\/2016\/09\/ryanair-sevilla-laura-la-risa.jpg?resize=300%2C225&amp;ssl=1 300w, https:\/\/i0.wp.com\/laura-la-risa.de\/wp-content\/uploads\/2016\/09\/ryanair-sevilla-laura-la-risa.jpg?w=460&amp;ssl=1 460w\" sizes=\"(max-width: 300px) 100vw, 300px\" \/><\/h3>\n<h3>Drei neue Sonnenziele ab Sch\u00f6nefeld: Ryanair fliegt neu nach Sevilla, Gran Canaria und Lanzarote<\/h3>\n<p><em>Ryanair nimmt drei Sonnenziele neu in ihren Flugplan ab Berlin-Sch\u00f6nefeld auf. Die Airline fliegt neu ins spanische Sevilla, in die Prinzessin der St\u00e4dte und Heimat des Flamenco, sowie auf die Kanarischen Inseln Gran Canaria und Lanzarote. Im Bild: Johannes Mohrmann (Senior Manager Key Account and Business Development, Flughafen Berlin Brandenburg GmbH, Mitte) und Markus Leopold (Marketing &amp; Sales Executive DACH &amp; Hungary von Ryanair, ganz rechts) mit der Flamenco-Tanzgruppe um Laura la Risa (2.v.l.)<\/em><\/p>\n<p>[\/et_pb_blurb][\/et_pb_column][et_pb_column type=\u00bb1_2&#8243;][\/et_pb_column][\/et_pb_row][\/et_pb_section][et_pb_section bb_built=\u00bb1&#8243; admin_label=\u00bbSection\u00bb fullwidth=\u00bboff\u00bb specialty=\u00bboff\u00bb collapsed=\u00bboff\u00bb transparent_background=\u00bboff\u00bb background_color=\u00bb#ffffff\u00bb allow_player_pause=\u00bboff\u00bb inner_shadow=\u00bboff\u00bb parallax=\u00bboff\u00bb parallax_method=\u00bboff\u00bb padding_mobile=\u00bboff\u00bb make_fullwidth=\u00bboff\u00bb use_custom_width=\u00bboff\u00bb width_unit=\u00bbon\u00bb make_equal=\u00bboff\u00bb use_custom_gutter=\u00bboff\u00bb custom_padding_tablet=\u00bb50px|0|50px|0&#8243; custom_padding_last_edited=\u00bbon|desktop\u00bb][et_pb_row admin_label=\u00bbRow\u00bb make_fullwidth=\u00bboff\u00bb use_custom_width=\u00bboff\u00bb width_unit=\u00bbon\u00bb use_custom_gutter=\u00bboff\u00bb custom_padding=\u00bb3%||3%|\u00bb padding_mobile=\u00bboff\u00bb allow_player_pause=\u00bboff\u00bb parallax=\u00bboff\u00bb parallax_method=\u00bboff\u00bb make_equal=\u00bboff\u00bb parallax_1=\u00bboff\u00bb parallax_method_1=\u00bboff\u00bb parallax_2=\u00bboff\u00bb parallax_method_2=\u00bboff\u00bb column_padding_mobile=\u00bbon\u00bb custom_padding_last_edited=\u00bbon|desktop\u00bb background_position=\u00bbtop_left\u00bb background_repeat=\u00bbrepeat\u00bb background_size=\u00bbinitial\u00bb][et_pb_column type=\u00bb1_2&#8243;][et_pb_cta admin_label=\u00bbPresse in 2015&#8243; url_new_window=\u00bboff\u00bb use_background_color=\u00bboff\u00bb background_color=\u00bb#fcbf00&#8243; background_layout=\u00bbdark\u00bb text_orientation=\u00bbcenter\u00bb header_font_size_last_edited=\u00bbon|phone\u00bb use_border_color=\u00bboff\u00bb border_color=\u00bb#ffffff\u00bb border_style=\u00bbsolid\u00bb custom_button=\u00bbon\u00bb button_letter_spacing=\u00bb2&#8243; button_use_icon=\u00bbon\u00bb button_icon_placement=\u00bbright\u00bb button_on_hover=\u00bbon\u00bb button_letter_spacing_hover=\u00bb2&#8243; custom_css_promo_button=\u00bbmargin-top: 30px;\u00bb header_font_size=\u00bb38&#8243; header_font_size_phone=\u00bb28&#8243; header_font_size_tablet=\u00bb34&#8243; module_id=\u00bbtoptext\u00bb button_border_radius=\u00bb0&#8243; button_text_size_last_edited=\u00bbon|desktop\u00bb button_text_size_phone=\u00bb18&#8243; header_text_color=\u00bb#ffffff\u00bb header_line_height=\u00bb1.2em\u00bb button_text_color=\u00bb#ffffff\u00bb button_bg_color=\u00bbrgba(0,0,0,0)\u00bb button_border_color=\u00bb#ffffff\u00bb button_icon=\u00bb%%24%%\u00bb button_text_color_hover=\u00bb#ffffff\u00bb button_bg_color_hover=\u00bbrgba(255,255,255,0.2)\u00bb button_border_color_hover=\u00bbrgba(255,255,255,0)\u00bb custom_css_promo_title=\u00bbfont-weight: 800;\u00bb body_line_height=\u00bb1.5em\u00bb button_font=\u00bbOswald|||on|\u00bb button_border_radius_hover=\u00bb0&#8243; custom_css_main_element=\u00bbposition: relative; z-index: 10;\u00bb background_position=\u00bbtop_left\u00bb background_repeat=\u00bbrepeat\u00bb background_size=\u00bbinitial\u00bb]<\/p>\n<h2>Prensa en <span style=\"color: #be1818;\">2015<\/span><\/h2>\n<p>[\/et_pb_cta][\/et_pb_column][et_pb_column type=\u00bb1_2&#8243;][\/et_pb_column][\/et_pb_row][et_pb_row admin_label=\u00bbRow\u00bb make_fullwidth=\u00bboff\u00bb use_custom_width=\u00bboff\u00bb width_unit=\u00bbon\u00bb use_custom_gutter=\u00bboff\u00bb padding_mobile=\u00bboff\u00bb allow_player_pause=\u00bboff\u00bb parallax=\u00bboff\u00bb parallax_method=\u00bboff\u00bb make_equal=\u00bboff\u00bb parallax_1=\u00bboff\u00bb parallax_method_1=\u00bboff\u00bb parallax_2=\u00bboff\u00bb parallax_method_2=\u00bboff\u00bb parallax_3=\u00bboff\u00bb parallax_method_3=\u00bboff\u00bb column_padding_mobile=\u00bbon\u00bb background_position=\u00bbtop_left\u00bb background_repeat=\u00bbrepeat\u00bb background_size=\u00bbinitial\u00bb][et_pb_column type=\u00bb1_2&#8243;][et_pb_blurb admin_label=\u00bbBlurb\u00bb title=\u00bbTagesspiegel, 24.05.2015&#8243; url_new_window=\u00bbon\u00bb use_icon=\u00bbon\u00bb font_icon=\u00bb%%372%%\u00bb icon_color=\u00bb#665555&#8243; use_circle=\u00bboff\u00bb circle_color=\u00bb#ffffff\u00bb use_circle_border=\u00bboff\u00bb circle_border_color=\u00bb#fcbf00&#8243; icon_placement=\u00bbleft\u00bb animation=\u00bbtop\u00bb background_layout=\u00bblight\u00bb text_orientation=\u00bbleft\u00bb use_icon_font_size=\u00bbon\u00bb use_border_color=\u00bboff\u00bb border_color=\u00bb#ffffff\u00bb border_style=\u00bbsolid\u00bb icon_font_size=\u00bb22&#8243; header_font_size=\u00bb20&#8243; icon_font_size_last_edited=\u00bbon|desktop\u00bb custom_css_blurb_title=\u00bbfont-weight:800;||border-style: solid;||border-color: #aeafaf;||border-left-width: 1px;||padding: 0px 0px 0px 8px;||margin-left: -10px;\u00bb header_line_height=\u00bb1.2em\u00bb body_line_height=\u00bb1.5em\u00bb body_text_color=\u00bb#666666&#8243; url=\u00bbhttp:\/\/www.tagesspiegel.de\/berlin\/karneval-der-kulturen-in-berlin-wer-ist-warum-dabei\/11819178-2.html\u00bb background_position=\u00bbtop_left\u00bb background_repeat=\u00bbrepeat\u00bb background_size=\u00bbinitial\u00bb]<\/p>\n<address><strong>Seit 20 Jahren dabei: Laura La Risa, Flamencot\u00e4nzerin<\/strong><\/address>\n<address>Flamenco-T\u00e4nzerin Laura La Risa geht es vor allem um eines: \u201eJeder soll sehen, dass Berlin bunt ist. Daf\u00fcr tanze ich\u201c, sagt sie. Seit 20 Jahren ist sie mit ihrer Gruppe beim Karneval der Kulturen. Der bedeutet nicht nur fr\u00f6hliches Feiern, sondern sei die wichtigste Kulturveranstaltung Berlins. Die T\u00e4nzerin will zeigen, dass es \u201ein Berlin viele verschiedene Kulturen gibt, die einander akzeptieren, nicht nur tolerieren\u201c. Deshalb solle der Senat die K\u00fcnstler finanziell unterst\u00fctzen. \u201eWir arbeiten ein Dreivierteljahr am Auftritt, n\u00e4hen die Kost\u00fcme und finanzieren alles. Wir sind das Aush\u00e4ngeschild von Berlin\u201c, sagt sie.Eine Fanmeile k\u00f6nne man auch in Frankfurt veranstalten. Der Karneval der Kulturen aber geh\u00f6re nach Berlin wie die vielen Menschen, die hier miteinander leben.Lieber w\u00fcrde sie eigentlich durch enge Stra\u00dfen laufen, \u201ewo die Menschen aus den Fenstern schauen\u201c. In den vergangenen 20 Jahren habe sie viele sch\u00f6ne und bewegende Momente erlebt. \u201eIch freue mich, wenn die Leute sich freuen.\u201c<\/address>\n<p>[\/et_pb_blurb][et_pb_blurb admin_label=\u00bbBlurb\u00bb title=\u00bbKarneval der Kulturen, 24.05.2015&#8243; url_new_window=\u00bbon\u00bb use_icon=\u00bbon\u00bb font_icon=\u00bb%%372%%\u00bb icon_color=\u00bb#665555&#8243; use_circle=\u00bboff\u00bb circle_color=\u00bb#ffffff\u00bb use_circle_border=\u00bboff\u00bb circle_border_color=\u00bb#fcbf00&#8243; icon_placement=\u00bbleft\u00bb animation=\u00bbtop\u00bb background_layout=\u00bblight\u00bb text_orientation=\u00bbleft\u00bb use_icon_font_size=\u00bbon\u00bb use_border_color=\u00bboff\u00bb border_color=\u00bb#ffffff\u00bb border_style=\u00bbsolid\u00bb icon_font_size=\u00bb22&#8243; header_font_size=\u00bb20&#8243; icon_font_size_last_edited=\u00bbon|desktop\u00bb custom_css_blurb_title=\u00bbfont-weight:800;||border-style: solid;||border-color: #aeafaf;||border-left-width: 1px;||padding: 0px 0px 0px 8px;||margin-left: -10px;\u00bb header_line_height=\u00bb1.2em\u00bb body_line_height=\u00bb1.5em\u00bb body_text_color=\u00bb#666666&#8243; url=\u00bbhttp:\/\/karneval-berlin.de\/de\/neu.280.html\u00bb background_position=\u00bbtop_left\u00bb background_repeat=\u00bbrepeat\u00bb background_size=\u00bbinitial\u00bb]<\/p>\n<address>\u00abLaura la Risa und ihre Flamencas tanzen heute wie zu Zeiten Goyas. Wallenden Lumpen fallen, wie der schn\u00f6de Mammon, von den Tanzenden ab. Ein Holzkarren ist der Gruppe aus dem a comp\u00e1s in Kreuzberg geblieben f\u00fcr letzte Habseligkeiten.<br \/>\nDas Fest der Reichen dauert an. Verarmtes Volk bleibt an den R\u00e4ndern der Welt zur\u00fcck und verendet tanzend und jubelnd im Sog der verdurstenden Meere bis das letzte Licht erlischt! \u201eDie Erde ist eine Scheibe\u2026uns bleibt der Flamenco, Ol\u00e9!\u201c\u00bb<\/address>\n<p>[\/et_pb_blurb][\/et_pb_column][et_pb_column type=\u00bb1_2&#8243;][et_pb_blurb admin_label=\u00bbBlurb\u00bb title=\u00bbBerliner Morgenpost, Paulina Czienskowski, 23.05.2015&#8243; url_new_window=\u00bbon\u00bb use_icon=\u00bbon\u00bb font_icon=\u00bb%%372%%\u00bb icon_color=\u00bb#665555&#8243; use_circle=\u00bboff\u00bb circle_color=\u00bb#ffffff\u00bb use_circle_border=\u00bboff\u00bb circle_border_color=\u00bb#fcbf00&#8243; icon_placement=\u00bbleft\u00bb animation=\u00bbtop\u00bb background_layout=\u00bblight\u00bb text_orientation=\u00bbleft\u00bb use_icon_font_size=\u00bbon\u00bb use_border_color=\u00bboff\u00bb border_color=\u00bb#ffffff\u00bb border_style=\u00bbsolid\u00bb icon_font_size=\u00bb22&#8243; header_font_size=\u00bb20&#8243; icon_font_size_last_edited=\u00bbon|desktop\u00bb custom_css_blurb_title=\u00bbfont-weight:800;||border-style: solid;||border-color: #aeafaf;||border-left-width: 1px;||padding: 0px 0px 0px 8px;||margin-left: -10px;\u00bb header_line_height=\u00bb1.2em\u00bb body_line_height=\u00bb1.5em\u00bb body_text_color=\u00bb#666666&#8243; url=\u00bbhttps:\/\/www.morgenpost.de\/bezirke\/friedrichshain-kreuzberg\/article141399547\/Wie-sich-der-Karneval-der-Kulturen-veraendert-hat.html\u00bb background_position=\u00bbtop_left\u00bb background_repeat=\u00bbrepeat\u00bb background_size=\u00bbinitial\u00bb]<\/p>\n<address><img data-recalc-dims=\"1\" loading=\"lazy\" decoding=\"async\" class=\"alignnone size-medium wp-image-29627\" src=\"https:\/\/i0.wp.com\/laura-la-risa.de.w01c716b.kasserver.com\/wp-content\/uploads\/2016\/09\/Tanzstudio-a-compas-Laura-la-Risa-300x169.jpg?resize=300%2C169\" alt=\"Tanzstudio a compas von Laura la Risa\" width=\"300\" height=\"169\" srcset=\"https:\/\/i0.wp.com\/laura-la-risa.de\/wp-content\/uploads\/2016\/09\/Tanzstudio-a-compas-Laura-la-Risa.jpg?resize=300%2C169&amp;ssl=1 300w, https:\/\/i0.wp.com\/laura-la-risa.de\/wp-content\/uploads\/2016\/09\/Tanzstudio-a-compas-Laura-la-Risa.jpg?resize=768%2C432&amp;ssl=1 768w, https:\/\/i0.wp.com\/laura-la-risa.de\/wp-content\/uploads\/2016\/09\/Tanzstudio-a-compas-Laura-la-Risa.jpg?w=820&amp;ssl=1 820w\" sizes=\"(max-width: 300px) 100vw, 300px\" \/><\/address>\n<address>\u00ab\u201eViel lieber spricht sie \u00fcber den Karneval der Kulturen, der nur drei\u00a0Jahre, nachdem sie nach Berlin kam, zum ersten Mal durch Kreuzbergs Stra\u00dfen\u00a0zog. Mit ihrer Tanzgruppe aus Laien \u00abNin\u00e3s y Flores\u00bb ist sie seitdem mit\u00a0dabei. 1996 war das. (\u2026) Menschen aus Dutzenden Kulturen kommen in diesen\u00a0Tagen rund um den Bl\u00fccherplatz zusammen, zeigen sich von ihrer sch\u00f6nsten,\u00a0extrovertiertesten und dabei nat\u00fcrlich oftmals auch s\u00e4mtliche Klischees\u00a0best\u00e4tigenden Seite. Aber hier funktioniert das. (\u2026)La Risa geht sogar \u00fcber\u00a0den Begriff des Kultur-Clashs hinaus und erweitert ihn hin zum allgemeinen\u00a0Anderssein. Dabei setzt sie mit ihren Fingern das Wort in\u00a0Anf\u00fchrungszeichen. \u00abDenn eigentlich ist ja niemand wirklich anders, weil\u00a0alle auf ihre Weise irgendwie anders sind, also individuell\u00bb, sagt sie.\u00a0Die Tanzlehrerin unterrichtet in ihrer Tanzschule \u00aba comp\u00e1s\u00bb am S\u00fcdstern\u00a0schon seit Jahren Flamenco. Zu ihr kommen behinderte wie gesunde Menschen\u00a0im Alter zwischen zwei und 70 Jahren. Quer durch die Generationen und\u00a0Charaktere zeigt sie, dass Rhythmus und Musik verbinden k\u00f6nnen. \u00abUnd der\u00a0Kulturkarneval f\u00fchrt einem genau das mit fast malerischen Szenen so\u00a0wundersch\u00f6n vor\u00bb, sagt sie. (\u2026)Mainstream, das findet la Risa unfassbar\u00a0langweilig \u2013 auch bei Menschen. Sie brauche Impulse. Und die bekomme man\u00a0nicht von einer homogenen Masse, sondern von Individuen, findet sie.\u00a0Deshalb ist das Motto ihres Zugs, der am Sonntag vom Hermannplatz bis zur\u00a0M\u00f6ckernstra\u00dfe ziehen wird, in diesem Jahr auch \u00abGegen die Einfarbigkeit\u00bb,\u00a0was allerdings nicht zwingend politisch verstanden werden m\u00fcsse.\u201c<\/address>\n<p>[\/et_pb_blurb][et_pb_blurb admin_label=\u00bbBlurb\u00bb title=\u00bbBotanischer Garten Berlin, Juli 2015&#8243; url_new_window=\u00bbon\u00bb use_icon=\u00bboff\u00bb font_icon=\u00bb%%372%%\u00bb icon_color=\u00bb#665555&#8243; use_circle=\u00bboff\u00bb circle_color=\u00bb#ffffff\u00bb use_circle_border=\u00bboff\u00bb circle_border_color=\u00bb#fcbf00&#8243; icon_placement=\u00bbleft\u00bb animation=\u00bbtop\u00bb background_layout=\u00bblight\u00bb text_orientation=\u00bbleft\u00bb use_icon_font_size=\u00bbon\u00bb use_border_color=\u00bboff\u00bb border_color=\u00bb#ffffff\u00bb border_style=\u00bbsolid\u00bb icon_font_size=\u00bb22&#8243; header_font_size=\u00bb20&#8243; icon_font_size_last_edited=\u00bbon|desktop\u00bb custom_css_blurb_title=\u00bbfont-weight:800;||border-style: solid;||border-color: #aeafaf;||border-left-width: 1px;||padding: 0px 0px 0px 8px;||margin-left: -10px;\u00bb header_line_height=\u00bb1.2em\u00bb body_line_height=\u00bb1.5em\u00bb body_text_color=\u00bb#666666&#8243; background_position=\u00bbtop_left\u00bb background_repeat=\u00bbrepeat\u00bb background_size=\u00bbinitial\u00bb]<\/p>\n<address>Die Flamencot\u00e4nzerin und Choreographin Laura la Risa, begeistert erneut mit dem Auftritt ihrer Compa\u00f1ia im Botanischen Garten. Nach gro\u00dfem Publikumserfolg in den Vorjahren, erwartet die Besucher auch in diesem Jahr wieder ein Farbenmeer sch\u00f6ner Kost\u00fcme und T\u00e4nze. H\u00f6hepunkt der Show werden wieder die solistischen Darbietungen der Flamenca sein. Authentischer Flamenco, in Kombination mit leidenschaftlichen Ges\u00e4ngen und den Kl\u00e4ngen der Gitarren, verwandeln die B\u00fchne in den Schauplatz einer andalusischen Fiesta. Seien Sie dabei und genie\u00dfen Sie das Schauspiel!<\/address>\n<p>[\/et_pb_blurb][\/et_pb_column][\/et_pb_row][\/et_pb_section][et_pb_section bb_built=\u00bb1&#8243; admin_label=\u00bbSection\u00bb fullwidth=\u00bboff\u00bb specialty=\u00bboff\u00bb collapsed=\u00bboff\u00bb transparent_background=\u00bboff\u00bb background_color=\u00bb#ffffff\u00bb allow_player_pause=\u00bboff\u00bb inner_shadow=\u00bboff\u00bb parallax=\u00bboff\u00bb parallax_method=\u00bboff\u00bb padding_mobile=\u00bboff\u00bb make_fullwidth=\u00bboff\u00bb use_custom_width=\u00bboff\u00bb width_unit=\u00bbon\u00bb make_equal=\u00bboff\u00bb use_custom_gutter=\u00bboff\u00bb custom_padding_tablet=\u00bb50px|0|50px|0&#8243; custom_padding_last_edited=\u00bbon|desktop\u00bb][et_pb_row admin_label=\u00bbRow\u00bb make_fullwidth=\u00bboff\u00bb use_custom_width=\u00bboff\u00bb width_unit=\u00bbon\u00bb use_custom_gutter=\u00bboff\u00bb custom_padding=\u00bb3%||3%|\u00bb padding_mobile=\u00bboff\u00bb allow_player_pause=\u00bboff\u00bb parallax=\u00bboff\u00bb parallax_method=\u00bboff\u00bb make_equal=\u00bboff\u00bb parallax_1=\u00bboff\u00bb parallax_method_1=\u00bboff\u00bb parallax_2=\u00bboff\u00bb parallax_method_2=\u00bboff\u00bb column_padding_mobile=\u00bbon\u00bb custom_padding_last_edited=\u00bbon|desktop\u00bb background_position=\u00bbtop_left\u00bb background_repeat=\u00bbrepeat\u00bb background_size=\u00bbinitial\u00bb][et_pb_column type=\u00bb1_2&#8243;][et_pb_cta admin_label=\u00bbPresse in 2014&#8243; url_new_window=\u00bboff\u00bb use_background_color=\u00bboff\u00bb background_color=\u00bb#fcbf00&#8243; background_layout=\u00bbdark\u00bb text_orientation=\u00bbcenter\u00bb header_font_size_last_edited=\u00bbon|phone\u00bb use_border_color=\u00bboff\u00bb border_color=\u00bb#ffffff\u00bb border_style=\u00bbsolid\u00bb custom_button=\u00bbon\u00bb button_letter_spacing=\u00bb2&#8243; button_use_icon=\u00bbon\u00bb button_icon_placement=\u00bbright\u00bb button_on_hover=\u00bbon\u00bb button_letter_spacing_hover=\u00bb2&#8243; custom_css_promo_button=\u00bbmargin-top: 30px;\u00bb header_font_size=\u00bb38&#8243; header_font_size_phone=\u00bb28&#8243; header_font_size_tablet=\u00bb34&#8243; module_id=\u00bbtoptext\u00bb button_border_radius=\u00bb0&#8243; button_text_size_last_edited=\u00bbon|desktop\u00bb button_text_size_phone=\u00bb18&#8243; header_text_color=\u00bb#ffffff\u00bb header_line_height=\u00bb1.2em\u00bb button_text_color=\u00bb#ffffff\u00bb button_bg_color=\u00bbrgba(0,0,0,0)\u00bb button_border_color=\u00bb#ffffff\u00bb button_icon=\u00bb%%24%%\u00bb button_text_color_hover=\u00bb#ffffff\u00bb button_bg_color_hover=\u00bbrgba(255,255,255,0.2)\u00bb button_border_color_hover=\u00bbrgba(255,255,255,0)\u00bb custom_css_promo_title=\u00bbfont-weight: 800;\u00bb body_line_height=\u00bb1.5em\u00bb button_font=\u00bbOswald|||on|\u00bb button_border_radius_hover=\u00bb0&#8243; custom_css_main_element=\u00bbposition: relative; z-index: 10;\u00bb background_position=\u00bbtop_left\u00bb background_repeat=\u00bbrepeat\u00bb background_size=\u00bbinitial\u00bb]<\/p>\n<h2>Presse in\u00a0<span style=\"color: #be1818;\">2014<\/span><\/h2>\n<p>[\/et_pb_cta][\/et_pb_column][et_pb_column type=\u00bb1_2&#8243;][\/et_pb_column][\/et_pb_row][et_pb_row admin_label=\u00bbRow\u00bb make_fullwidth=\u00bboff\u00bb use_custom_width=\u00bboff\u00bb width_unit=\u00bbon\u00bb use_custom_gutter=\u00bboff\u00bb padding_mobile=\u00bboff\u00bb allow_player_pause=\u00bboff\u00bb parallax=\u00bboff\u00bb parallax_method=\u00bboff\u00bb make_equal=\u00bboff\u00bb parallax_1=\u00bboff\u00bb parallax_method_1=\u00bboff\u00bb parallax_2=\u00bboff\u00bb parallax_method_2=\u00bboff\u00bb parallax_3=\u00bboff\u00bb parallax_method_3=\u00bboff\u00bb column_padding_mobile=\u00bbon\u00bb background_position=\u00bbtop_left\u00bb background_repeat=\u00bbrepeat\u00bb background_size=\u00bbinitial\u00bb][et_pb_column type=\u00bb1_2&#8243;][et_pb_blurb admin_label=\u00bbBlurb\u00bb title=\u00bbAnda Nr. 115, Ralf Bienek, August\/September 2014&#8243; url_new_window=\u00bboff\u00bb use_icon=\u00bboff\u00bb font_icon=\u00bb%%173%%\u00bb icon_color=\u00bb#fcbf00&#8243; use_circle=\u00bboff\u00bb circle_color=\u00bb#ffffff\u00bb use_circle_border=\u00bboff\u00bb circle_border_color=\u00bb#fcbf00&#8243; icon_placement=\u00bbleft\u00bb animation=\u00bbtop\u00bb background_layout=\u00bblight\u00bb text_orientation=\u00bbleft\u00bb use_icon_font_size=\u00bbon\u00bb use_border_color=\u00bboff\u00bb border_color=\u00bb#ffffff\u00bb border_style=\u00bbsolid\u00bb icon_font_size=\u00bb22&#8243; header_font_size=\u00bb20&#8243; icon_font_size_last_edited=\u00bbon|desktop\u00bb custom_css_blurb_title=\u00bbfont-weight:800;||border-style: solid;||border-color: #aeafaf;||border-left-width: 1px;||padding: 0px 0px 0px 8px;||margin-left: -10px;\u00bb header_line_height=\u00bb1.2em\u00bb body_line_height=\u00bb1.5em\u00bb body_text_color=\u00bb#666666&#8243; background_position=\u00bbtop_left\u00bb background_repeat=\u00bbrepeat\u00bb background_size=\u00bbinitial\u00bb]<\/p>\n<address>\u201cZur Premiere des aktuellen St\u00fcckes \u2018La Casa de Bernarda Alba\u2019 nach Federico Garcia Lorca, war das Haus voll.<br \/>\nFlamencogitarrist Johannes Hoffmann schrieb die Musik und stimmte das Publikum (\u2026) auf Trauer und Verzweiflung ein.<br \/>\nSeine Gitarre klingt erdig und puro, sie kratzt am Fundament gesellschaftlicher Zw\u00e4nge. (\u2026)<br \/>\nEine d\u00fcstere, erzkonservative Stimmung durchflutet in Sekundenschnelle den Raum. (\u2026) Laura la Risa selbst spielt Bernarda, (\u2026)\u00a0erzeugt Widerwillen, s\u00e4t B\u00f6shaftigkeit und erntet Hass.<\/address>\n<address>(\u2026) Ein starkes St\u00fcck Flamencotheater entl\u00e4sst das ergriffene Publikum nach neunzig Minuten in eine laue Berliner Sommernacht.<br \/>\nManch einer muss sich noch den tief sitzenden Klo\u00df im Hals wegr\u00e4uspern oder -sp\u00fclen.\u201d<\/address>\n<p>[\/et_pb_blurb][\/et_pb_column][et_pb_column type=\u00bb1_2&#8243;][et_pb_blurb admin_label=\u00bbBlurb\u00bb title=\u00bbBerliner Morgenpost 22.08.14&#8243; url_new_window=\u00bboff\u00bb use_icon=\u00bboff\u00bb font_icon=\u00bb%%173%%\u00bb icon_color=\u00bb#fcbf00&#8243; use_circle=\u00bboff\u00bb circle_color=\u00bb#ffffff\u00bb use_circle_border=\u00bboff\u00bb circle_border_color=\u00bb#fcbf00&#8243; icon_placement=\u00bbleft\u00bb animation=\u00bbtop\u00bb background_layout=\u00bblight\u00bb text_orientation=\u00bbleft\u00bb use_icon_font_size=\u00bbon\u00bb use_border_color=\u00bboff\u00bb border_color=\u00bb#ffffff\u00bb border_style=\u00bbsolid\u00bb icon_font_size=\u00bb22&#8243; header_font_size=\u00bb20&#8243; icon_font_size_last_edited=\u00bbon|desktop\u00bb custom_css_blurb_title=\u00bbfont-weight:800;||border-style: solid;||border-color: #aeafaf;||border-left-width: 1px;||padding: 0px 0px 0px 8px;||margin-left: -10px;\u00bb header_line_height=\u00bb1.2em\u00bb body_line_height=\u00bb1.5em\u00bb body_text_color=\u00bb#666666&#8243; background_position=\u00bbtop_left\u00bb background_repeat=\u00bbrepeat\u00bb background_size=\u00bbinitial\u00bb]<\/p>\n<p><em>Das Beste am Freitag<\/em><br \/>\n<em>Flamenco: Laura la Risa im Botanischen Garten<\/em><\/p>\n<p><em>Eine andalusische Fiesta erwartet die Besucher des Sommerkonzertes von Laura la Risa y Compa\u00f1ia im Botanischen Garten.<\/em><br \/>\n<em>Die Flamencot\u00e4nzerin choreografiert temperamentvolle Auftritte.<\/em><br \/>\n<em>Die H\u00f6hepunkte der Show sind ihre Soloeinlagen zum typisch leidenschaftlichen Gesang und den Kl\u00e4ngen der Flamencogitarren.<\/em><\/p>\n<p>[\/et_pb_blurb][et_pb_blurb admin_label=\u00bbBlurb\u00bb title=\u00bbM\u00e4rkische Online Zeitung, 27.07.2014&#8243; url_new_window=\u00bboff\u00bb use_icon=\u00bboff\u00bb font_icon=\u00bb%%173%%\u00bb icon_color=\u00bb#fcbf00&#8243; use_circle=\u00bboff\u00bb circle_color=\u00bb#ffffff\u00bb use_circle_border=\u00bboff\u00bb circle_border_color=\u00bb#fcbf00&#8243; icon_placement=\u00bbleft\u00bb animation=\u00bbtop\u00bb background_layout=\u00bblight\u00bb text_orientation=\u00bbleft\u00bb use_icon_font_size=\u00bbon\u00bb use_border_color=\u00bboff\u00bb border_color=\u00bb#ffffff\u00bb border_style=\u00bbsolid\u00bb icon_font_size=\u00bb22&#8243; header_font_size=\u00bb20&#8243; icon_font_size_last_edited=\u00bbon|desktop\u00bb custom_css_blurb_title=\u00bbfont-weight:800;||border-style: solid;||border-color: #aeafaf;||border-left-width: 1px;||padding: 0px 0px 0px 8px;||margin-left: -10px;\u00bb header_line_height=\u00bb1.2em\u00bb body_line_height=\u00bb1.5em\u00bb body_text_color=\u00bb#666666&#8243; background_position=\u00bbtop_left\u00bb background_repeat=\u00bbrepeat\u00bb background_size=\u00bbinitial\u00bb]<\/p>\n<p><em>Andalusisch tanzen und essen.<\/em><\/p>\n<p><em>Neuzelle (MOZ) Das Kulturcaf\u00e9 \u201eBarocco\u201c in der Orangerie des Klostergartens hat am Samstag zur andalusischen Nacht eingeladen.<\/em><br \/>\n<em>Mit Flamenco-Tanz, spanischer Musik und typisch spanischen Tapas (\u2026.)<\/em><br \/>\n<em>(\u2026) v\u00f6llig entspannt in mediterranen Flair, bei Kerzen- und Fackelschein wurden sie von spanisch-trauriger Musik und feurigem Flamenco, den die T\u00e4nzerin Laura la Risa aus Berlin pr\u00e4sentierte, unterhalten. \u201eKultur f\u00fcr alle Sinne an einem lauen Sommerabend\u201c(\u2026.)<\/em><\/p>\n<p>[\/et_pb_blurb][\/et_pb_column][\/et_pb_row][\/et_pb_section][et_pb_section bb_built=\u00bb1&#8243; admin_label=\u00bbSection\u00bb fullwidth=\u00bboff\u00bb specialty=\u00bboff\u00bb collapsed=\u00bboff\u00bb transparent_background=\u00bboff\u00bb background_color=\u00bb#ffffff\u00bb allow_player_pause=\u00bboff\u00bb inner_shadow=\u00bboff\u00bb parallax=\u00bboff\u00bb parallax_method=\u00bboff\u00bb padding_mobile=\u00bboff\u00bb make_fullwidth=\u00bboff\u00bb use_custom_width=\u00bboff\u00bb width_unit=\u00bbon\u00bb make_equal=\u00bboff\u00bb use_custom_gutter=\u00bboff\u00bb custom_padding_tablet=\u00bb50px|0|50px|0&#8243; custom_padding_last_edited=\u00bbon|desktop\u00bb][et_pb_row admin_label=\u00bbRow\u00bb make_fullwidth=\u00bboff\u00bb use_custom_width=\u00bboff\u00bb width_unit=\u00bbon\u00bb use_custom_gutter=\u00bboff\u00bb custom_padding=\u00bb3%||3%|\u00bb padding_mobile=\u00bboff\u00bb allow_player_pause=\u00bboff\u00bb parallax=\u00bboff\u00bb parallax_method=\u00bboff\u00bb make_equal=\u00bboff\u00bb parallax_1=\u00bboff\u00bb parallax_method_1=\u00bboff\u00bb parallax_2=\u00bboff\u00bb parallax_method_2=\u00bboff\u00bb column_padding_mobile=\u00bbon\u00bb custom_padding_last_edited=\u00bbon|desktop\u00bb background_position=\u00bbtop_left\u00bb background_repeat=\u00bbrepeat\u00bb background_size=\u00bbinitial\u00bb][et_pb_column type=\u00bb1_2&#8243;][et_pb_cta admin_label=\u00bbPresse in 2013&#8243; url_new_window=\u00bboff\u00bb use_background_color=\u00bboff\u00bb background_color=\u00bb#fcbf00&#8243; background_layout=\u00bbdark\u00bb text_orientation=\u00bbcenter\u00bb header_font_size_last_edited=\u00bbon|phone\u00bb use_border_color=\u00bboff\u00bb border_color=\u00bb#ffffff\u00bb border_style=\u00bbsolid\u00bb custom_button=\u00bbon\u00bb button_letter_spacing=\u00bb2&#8243; button_use_icon=\u00bbon\u00bb button_icon_placement=\u00bbright\u00bb button_on_hover=\u00bbon\u00bb button_letter_spacing_hover=\u00bb2&#8243; custom_css_promo_button=\u00bbmargin-top: 30px;\u00bb header_font_size=\u00bb38&#8243; header_font_size_phone=\u00bb28&#8243; header_font_size_tablet=\u00bb34&#8243; module_id=\u00bbtoptext\u00bb button_border_radius=\u00bb0&#8243; button_text_size_last_edited=\u00bbon|desktop\u00bb button_text_size_phone=\u00bb18&#8243; header_text_color=\u00bb#ffffff\u00bb header_line_height=\u00bb1.2em\u00bb button_text_color=\u00bb#ffffff\u00bb button_bg_color=\u00bbrgba(0,0,0,0)\u00bb button_border_color=\u00bb#ffffff\u00bb button_icon=\u00bb%%24%%\u00bb button_text_color_hover=\u00bb#ffffff\u00bb button_bg_color_hover=\u00bbrgba(255,255,255,0.2)\u00bb button_border_color_hover=\u00bbrgba(255,255,255,0)\u00bb custom_css_promo_title=\u00bbfont-weight: 800;\u00bb body_line_height=\u00bb1.5em\u00bb button_font=\u00bbOswald|||on|\u00bb button_border_radius_hover=\u00bb0&#8243; custom_css_main_element=\u00bbposition: relative; z-index: 10;\u00bb background_position=\u00bbtop_left\u00bb background_repeat=\u00bbrepeat\u00bb background_size=\u00bbinitial\u00bb]<\/p>\n<h2>Prensa en\u00a0<span style=\"color: #be1818;\">2013<\/span><\/h2>\n<p>[\/et_pb_cta][\/et_pb_column][et_pb_column type=\u00bb1_2&#8243;][\/et_pb_column][\/et_pb_row][et_pb_row admin_label=\u00bbRow\u00bb make_fullwidth=\u00bboff\u00bb use_custom_width=\u00bboff\u00bb width_unit=\u00bbon\u00bb use_custom_gutter=\u00bboff\u00bb padding_mobile=\u00bboff\u00bb allow_player_pause=\u00bboff\u00bb parallax=\u00bboff\u00bb parallax_method=\u00bboff\u00bb make_equal=\u00bboff\u00bb parallax_1=\u00bboff\u00bb parallax_method_1=\u00bboff\u00bb parallax_2=\u00bboff\u00bb parallax_method_2=\u00bboff\u00bb parallax_3=\u00bboff\u00bb parallax_method_3=\u00bboff\u00bb column_padding_mobile=\u00bbon\u00bb background_position=\u00bbtop_left\u00bb background_repeat=\u00bbrepeat\u00bb background_size=\u00bbinitial\u00bb][et_pb_column type=\u00bb1_2&#8243;][et_pb_blurb admin_label=\u00bbBlurb\u00bb title=\u00bbM\u00e4rkische Oderzeitung, 17.11.2013&#8243; url_new_window=\u00bboff\u00bb use_icon=\u00bboff\u00bb font_icon=\u00bb%%173%%\u00bb icon_color=\u00bb#fcbf00&#8243; use_circle=\u00bboff\u00bb circle_color=\u00bb#ffffff\u00bb use_circle_border=\u00bboff\u00bb circle_border_color=\u00bb#fcbf00&#8243; icon_placement=\u00bbleft\u00bb animation=\u00bbtop\u00bb background_layout=\u00bblight\u00bb text_orientation=\u00bbleft\u00bb use_icon_font_size=\u00bbon\u00bb use_border_color=\u00bboff\u00bb border_color=\u00bb#ffffff\u00bb border_style=\u00bbsolid\u00bb icon_font_size=\u00bb22&#8243; header_font_size=\u00bb20&#8243; icon_font_size_last_edited=\u00bbon|desktop\u00bb custom_css_blurb_title=\u00bbfont-weight:800;||border-style: solid;||border-color: #aeafaf;||border-left-width: 1px;||padding: 0px 0px 0px 8px;||margin-left: -10px;\u00bb header_line_height=\u00bb1.2em\u00bb body_text_color=\u00bb#666666&#8243; body_line_height=\u00bb1.5em\u00bb background_position=\u00bbtop_left\u00bb background_repeat=\u00bbrepeat\u00bb background_size=\u00bbinitial\u00bb]<\/p>\n<address><em>(\u2026)Silberne Kerzenleuchter, Flamenco-F\u00e4cher und festlich gedeckte Tische gaben den \u00e4u\u00dferen Rahmen f\u00fcr den so gut wie ausverkauften B\u00fchnenball \u201eViva Espania!\u201c(\u2026)<\/em><\/address>\n<p>[\/et_pb_blurb][\/et_pb_column][et_pb_column type=\u00bb1_2&#8243;][et_pb_blurb admin_label=\u00bbBlurb\u00bb title=\u00bbM\u00e4rkische Oderzeitung, 20.01.2013&#8243; url_new_window=\u00bboff\u00bb use_icon=\u00bboff\u00bb font_icon=\u00bb%%173%%\u00bb icon_color=\u00bb#fcbf00&#8243; use_circle=\u00bboff\u00bb circle_color=\u00bb#ffffff\u00bb use_circle_border=\u00bboff\u00bb circle_border_color=\u00bb#fcbf00&#8243; icon_placement=\u00bbleft\u00bb animation=\u00bbtop\u00bb background_layout=\u00bblight\u00bb text_orientation=\u00bbleft\u00bb use_icon_font_size=\u00bbon\u00bb use_border_color=\u00bboff\u00bb border_color=\u00bb#ffffff\u00bb border_style=\u00bbsolid\u00bb icon_font_size=\u00bb22&#8243; header_font_size=\u00bb20&#8243; icon_font_size_last_edited=\u00bbon|desktop\u00bb custom_css_blurb_title=\u00bbfont-weight:800;||border-style: solid;||border-color: #aeafaf;||border-left-width: 1px;||padding: 0px 0px 0px 8px;||margin-left: -10px;\u00bb header_line_height=\u00bb1.2em\u00bb body_text_color=\u00bb#666666&#8243; body_line_height=\u00bb1.5em\u00bb background_position=\u00bbtop_left\u00bb background_repeat=\u00bbrepeat\u00bb background_size=\u00bbinitial\u00bb]<\/p>\n<p>\u201c\u2026Zu den \u00dcberraschungen des Abends geh\u00f6rte zweifellos die Darbietung der T\u00e4nzerin Laura La Risa. In ihrem gebl\u00fcmten Kleid wirbelte sie umher, drehte sich, stie\u00df mit den F\u00fc\u00dfen auf den Boden und schlug die Kastagnetten im Rhythmus. Flamenco ist ihre Leidenschaft, die sie auch den Sch\u00fclern ihrer Tanzschule in Berlin vermittelt\u2026\u201d<\/p>\n<p>[\/et_pb_blurb][\/et_pb_column][\/et_pb_row][\/et_pb_section][et_pb_section bb_built=\u00bb1&#8243; admin_label=\u00bbSection\u00bb fullwidth=\u00bboff\u00bb specialty=\u00bboff\u00bb collapsed=\u00bboff\u00bb transparent_background=\u00bboff\u00bb background_color=\u00bb#ffffff\u00bb allow_player_pause=\u00bboff\u00bb inner_shadow=\u00bboff\u00bb parallax=\u00bboff\u00bb parallax_method=\u00bboff\u00bb padding_mobile=\u00bboff\u00bb make_fullwidth=\u00bboff\u00bb use_custom_width=\u00bboff\u00bb width_unit=\u00bbon\u00bb make_equal=\u00bboff\u00bb use_custom_gutter=\u00bboff\u00bb custom_padding_tablet=\u00bb50px|0|50px|0&#8243; custom_padding_last_edited=\u00bbon|desktop\u00bb][et_pb_row admin_label=\u00bbRow\u00bb make_fullwidth=\u00bboff\u00bb use_custom_width=\u00bboff\u00bb width_unit=\u00bbon\u00bb use_custom_gutter=\u00bboff\u00bb custom_padding=\u00bb3%||3%|\u00bb padding_mobile=\u00bboff\u00bb allow_player_pause=\u00bboff\u00bb parallax=\u00bboff\u00bb parallax_method=\u00bboff\u00bb make_equal=\u00bboff\u00bb parallax_1=\u00bboff\u00bb parallax_method_1=\u00bboff\u00bb parallax_2=\u00bboff\u00bb parallax_method_2=\u00bboff\u00bb column_padding_mobile=\u00bbon\u00bb custom_padding_last_edited=\u00bbon|desktop\u00bb background_position=\u00bbtop_left\u00bb background_repeat=\u00bbrepeat\u00bb background_size=\u00bbinitial\u00bb][et_pb_column type=\u00bb1_2&#8243;][et_pb_cta admin_label=\u00bbPresse in 2012&#8243; url_new_window=\u00bboff\u00bb use_background_color=\u00bboff\u00bb background_color=\u00bb#fcbf00&#8243; background_layout=\u00bbdark\u00bb text_orientation=\u00bbcenter\u00bb header_font_size_last_edited=\u00bbon|phone\u00bb use_border_color=\u00bboff\u00bb border_color=\u00bb#ffffff\u00bb border_style=\u00bbsolid\u00bb custom_button=\u00bbon\u00bb button_letter_spacing=\u00bb2&#8243; button_use_icon=\u00bbon\u00bb button_icon_placement=\u00bbright\u00bb button_on_hover=\u00bbon\u00bb button_letter_spacing_hover=\u00bb2&#8243; custom_css_promo_button=\u00bbmargin-top: 30px;\u00bb header_font_size=\u00bb38&#8243; header_font_size_phone=\u00bb28&#8243; header_font_size_tablet=\u00bb34&#8243; module_id=\u00bbtoptext\u00bb button_border_radius=\u00bb0&#8243; button_text_size_last_edited=\u00bbon|desktop\u00bb button_text_size_phone=\u00bb18&#8243; header_text_color=\u00bb#ffffff\u00bb header_line_height=\u00bb1.2em\u00bb button_text_color=\u00bb#ffffff\u00bb button_bg_color=\u00bbrgba(0,0,0,0)\u00bb button_border_color=\u00bb#ffffff\u00bb button_icon=\u00bb%%24%%\u00bb button_text_color_hover=\u00bb#ffffff\u00bb button_bg_color_hover=\u00bbrgba(255,255,255,0.2)\u00bb button_border_color_hover=\u00bbrgba(255,255,255,0)\u00bb custom_css_promo_title=\u00bbfont-weight: 800;\u00bb body_line_height=\u00bb1.5em\u00bb button_font=\u00bbOswald|||on|\u00bb button_border_radius_hover=\u00bb0&#8243; custom_css_main_element=\u00bbposition: relative; z-index: 10;\u00bb background_position=\u00bbtop_left\u00bb background_repeat=\u00bbrepeat\u00bb background_size=\u00bbinitial\u00bb]<\/p>\n<h2>Prensa en\u00a0<span style=\"color: #be1818;\">2012<\/span><\/h2>\n<p>[\/et_pb_cta][\/et_pb_column][et_pb_column type=\u00bb1_2&#8243;][\/et_pb_column][\/et_pb_row][et_pb_row admin_label=\u00bbRow\u00bb make_fullwidth=\u00bboff\u00bb use_custom_width=\u00bboff\u00bb width_unit=\u00bbon\u00bb use_custom_gutter=\u00bboff\u00bb padding_mobile=\u00bboff\u00bb allow_player_pause=\u00bboff\u00bb parallax=\u00bboff\u00bb parallax_method=\u00bboff\u00bb make_equal=\u00bboff\u00bb parallax_1=\u00bboff\u00bb parallax_method_1=\u00bboff\u00bb parallax_2=\u00bboff\u00bb parallax_method_2=\u00bboff\u00bb parallax_3=\u00bboff\u00bb parallax_method_3=\u00bboff\u00bb column_padding_mobile=\u00bbon\u00bb background_position=\u00bbtop_left\u00bb background_repeat=\u00bbrepeat\u00bb background_size=\u00bbinitial\u00bb][et_pb_column type=\u00bb1_2&#8243;][et_pb_blurb admin_label=\u00bbBlurb\u00bb title=\u00bbBerliner Woche, 09.10.2012&#8243; url_new_window=\u00bbon\u00bb use_icon=\u00bbon\u00bb font_icon=\u00bb%%372%%\u00bb icon_color=\u00bb#be1818&#8243; use_circle=\u00bboff\u00bb circle_color=\u00bb#ffffff\u00bb use_circle_border=\u00bboff\u00bb circle_border_color=\u00bb#fcbf00&#8243; icon_placement=\u00bbleft\u00bb animation=\u00bbleft\u00bb background_layout=\u00bblight\u00bb text_orientation=\u00bbleft\u00bb use_icon_font_size=\u00bbon\u00bb use_border_color=\u00bboff\u00bb border_color=\u00bb#ffffff\u00bb border_style=\u00bbsolid\u00bb icon_font_size=\u00bb22&#8243; header_font_size=\u00bb20&#8243; icon_font_size_last_edited=\u00bbon|desktop\u00bb custom_css_blurb_title=\u00bbfont-weight:800;||border-style: solid;||border-color: #aeafaf;||border-left-width: 1px;||padding: 0px 0px 0px 8px;||margin-left: -10px;\u00bb header_line_height=\u00bb1.2em\u00bb body_line_height=\u00bb1.5em\u00bb body_text_color=\u00bb#666666&#8243; url=\u00bbhttp:\/\/www.berliner-woche.de\/nachrichten\/bezirk-friedrichshain-kreuzberg\/kreuzberg\/artikel\/4421-flamenco-pur-in-der-passionskirche\/#ixzz3DsyaO9kh\u00bb background_position=\u00bbtop_left\u00bb background_repeat=\u00bbrepeat\u00bb background_size=\u00bbinitial\u00bb]<\/p>\n<p><em>Laura la Risa ist Flamenco puro.<\/em><br \/>\n<em>Mit ihrem emotionsgeladenen Tanz l\u00e4dt sie das Publikum ein, sich auf eine Reise nach Andalusien zu begeben, wo der Flamenco seine Wurzeln hat.<\/em><br \/>\n<em>Unb\u00e4ndige Kraft und Freude an der Kunst sind ihr Motor.<\/em><\/p>\n<p><em>Mit Ihrer Companie ist sie seit \u00fcber 20 Jahren auf internationalen B\u00fchnen zu Hause. Bei der Premiere ihres neuen Programms in der Passionskirche, Marheinekeplatz 1, am 13. Oktober um 20 Uhr tritt Laura la Risa mit ihrem aktuellen Tanzpartner Jos\u00e9 Galva\u00f1, Shootingstar der Szene Malagas, auf. Musikalisch werden sie von Zamna Urista und ihrem langj\u00e4hrigen Begleiter Carlos el Canario an den Gitarren unterst\u00fctzt. Der Gesang des beliebten Jos\u00e9 de Murcia verf\u00fchrt die Zuschauer zu dem Ausruf: Flamenco, por Favor! Laura la Risa ist seit 1992 eine feste Gr\u00f6\u00dfe in der Kulturszene Berlins. Ihr Name steht f\u00fcr k\u00fcnstlerisches und kulturelles, aber auch soziales Engagement. Die Flamencot\u00e4nzerin und Tanzp\u00e4dagogin leitet eine eigene Flamencotanzschule, das \u201ea comp\u00e1s Studio &amp; Location\u201c in den H\u00f6fen am S\u00fcdstern. Hier sind alle herzlich willkommen zu zahlreichen Festen, Tanzveranstaltungen, Flamencotanzunterricht f\u00fcr Kinder, Erwachsene und behinderte Mitb\u00fcrger.<\/em><\/p>\n<p>[\/et_pb_blurb][et_pb_blurb admin_label=\u00bbBlurb\u00bb title=\u00bbAnda Nr. 101 April\/Mai 2012&#8243; url_new_window=\u00bboff\u00bb use_icon=\u00bboff\u00bb font_icon=\u00bb%%173%%\u00bb icon_color=\u00bb#fcbf00&#8243; use_circle=\u00bboff\u00bb circle_color=\u00bb#ffffff\u00bb use_circle_border=\u00bboff\u00bb circle_border_color=\u00bb#fcbf00&#8243; icon_placement=\u00bbleft\u00bb animation=\u00bbtop\u00bb background_layout=\u00bblight\u00bb text_orientation=\u00bbleft\u00bb use_icon_font_size=\u00bbon\u00bb use_border_color=\u00bboff\u00bb border_color=\u00bb#ffffff\u00bb border_style=\u00bbsolid\u00bb icon_font_size=\u00bb22&#8243; header_font_size=\u00bb20&#8243; icon_font_size_last_edited=\u00bbon|desktop\u00bb custom_css_blurb_title=\u00bbfont-weight:800;||border-style: solid;||border-color: #aeafaf;||border-left-width: 1px;||padding: 0px 0px 0px 8px;||margin-left: -10px;\u00bb header_line_height=\u00bb1.2em\u00bb body_line_height=\u00bb1.5em\u00bb body_text_color=\u00bb#666666&#8243; background_position=\u00bbtop_left\u00bb background_repeat=\u00bbrepeat\u00bb background_size=\u00bbinitial\u00bb]<\/p>\n<address><em>\u201e\u2026nach diesem bis ins Detail durchdachten Abendprogramm bleibt der Zuschauer trauernd zur\u00fcck.\u00a0<\/em><br \/>\n<em>Man m\u00f6chte mit Flamenco aus dem Theater nach Hause schweben und dort immer weiter tanzen\u2026\u201c (Laura la Risa y Compa\u00f1ia in der Laeiszhalle Hamburg \/ 25.02.2012)<\/em><\/address>\n<p>[\/et_pb_blurb][\/et_pb_column][et_pb_column type=\u00bb1_2&#8243;][et_pb_blurb admin_label=\u00bbBlurb\u00bb title=\u00bbBerliner Zeitung 28.05.2012&#8243; url_new_window=\u00bboff\u00bb use_icon=\u00bboff\u00bb font_icon=\u00bb%%173%%\u00bb icon_color=\u00bb#fcbf00&#8243; use_circle=\u00bboff\u00bb circle_color=\u00bb#ffffff\u00bb use_circle_border=\u00bboff\u00bb circle_border_color=\u00bb#fcbf00&#8243; icon_placement=\u00bbleft\u00bb animation=\u00bbtop\u00bb background_layout=\u00bblight\u00bb text_orientation=\u00bbleft\u00bb use_icon_font_size=\u00bbon\u00bb use_border_color=\u00bboff\u00bb border_color=\u00bb#ffffff\u00bb border_style=\u00bbsolid\u00bb icon_font_size=\u00bb22&#8243; header_font_size=\u00bb20&#8243; icon_font_size_last_edited=\u00bbon|desktop\u00bb custom_css_blurb_title=\u00bbfont-weight:800;||border-style: solid;||border-color: #aeafaf;||border-left-width: 1px;||padding: 0px 0px 0px 8px;||margin-left: -10px;\u00bb header_line_height=\u00bb1.2em\u00bb body_line_height=\u00bb1.5em\u00bb body_text_color=\u00bb#666666&#8243; background_position=\u00bbtop_left\u00bb background_repeat=\u00bbrepeat\u00bb background_size=\u00bbinitial\u00bb \/][\/et_pb_column][\/et_pb_row][\/et_pb_section][et_pb_section bb_built=\u00bb1&#8243; admin_label=\u00bbSection\u00bb fullwidth=\u00bboff\u00bb specialty=\u00bboff\u00bb collapsed=\u00bboff\u00bb transparent_background=\u00bboff\u00bb background_color=\u00bb#ffffff\u00bb allow_player_pause=\u00bboff\u00bb inner_shadow=\u00bboff\u00bb parallax=\u00bboff\u00bb parallax_method=\u00bboff\u00bb padding_mobile=\u00bboff\u00bb make_fullwidth=\u00bboff\u00bb use_custom_width=\u00bboff\u00bb width_unit=\u00bbon\u00bb make_equal=\u00bboff\u00bb use_custom_gutter=\u00bboff\u00bb custom_padding_tablet=\u00bb50px|0|50px|0&#8243; custom_padding_last_edited=\u00bbon|desktop\u00bb][et_pb_row admin_label=\u00bbRow\u00bb make_fullwidth=\u00bboff\u00bb use_custom_width=\u00bboff\u00bb width_unit=\u00bbon\u00bb use_custom_gutter=\u00bboff\u00bb custom_padding=\u00bb3%||3%|\u00bb padding_mobile=\u00bboff\u00bb allow_player_pause=\u00bboff\u00bb parallax=\u00bboff\u00bb parallax_method=\u00bboff\u00bb make_equal=\u00bboff\u00bb parallax_1=\u00bboff\u00bb parallax_method_1=\u00bboff\u00bb parallax_2=\u00bboff\u00bb parallax_method_2=\u00bboff\u00bb column_padding_mobile=\u00bbon\u00bb custom_padding_last_edited=\u00bbon|desktop\u00bb background_position=\u00bbtop_left\u00bb background_repeat=\u00bbrepeat\u00bb background_size=\u00bbinitial\u00bb][et_pb_column type=\u00bb1_2&#8243;][et_pb_cta admin_label=\u00bbPresse in 2010&#8243; url_new_window=\u00bboff\u00bb use_background_color=\u00bboff\u00bb background_color=\u00bb#fcbf00&#8243; background_layout=\u00bbdark\u00bb text_orientation=\u00bbcenter\u00bb header_font_size_last_edited=\u00bbon|phone\u00bb use_border_color=\u00bboff\u00bb border_color=\u00bb#ffffff\u00bb border_style=\u00bbsolid\u00bb custom_button=\u00bbon\u00bb button_letter_spacing=\u00bb2&#8243; button_use_icon=\u00bbon\u00bb button_icon_placement=\u00bbright\u00bb button_on_hover=\u00bbon\u00bb button_letter_spacing_hover=\u00bb2&#8243; custom_css_promo_button=\u00bbmargin-top: 30px;\u00bb header_font_size=\u00bb38&#8243; header_font_size_phone=\u00bb28&#8243; header_font_size_tablet=\u00bb34&#8243; module_id=\u00bbtoptext\u00bb button_border_radius=\u00bb0&#8243; button_text_size_last_edited=\u00bbon|desktop\u00bb button_text_size_phone=\u00bb18&#8243; header_text_color=\u00bb#ffffff\u00bb header_line_height=\u00bb1.2em\u00bb button_text_color=\u00bb#ffffff\u00bb button_bg_color=\u00bbrgba(0,0,0,0)\u00bb button_border_color=\u00bb#ffffff\u00bb button_icon=\u00bb%%24%%\u00bb button_text_color_hover=\u00bb#ffffff\u00bb button_bg_color_hover=\u00bbrgba(255,255,255,0.2)\u00bb button_border_color_hover=\u00bbrgba(255,255,255,0)\u00bb custom_css_promo_title=\u00bbfont-weight: 800;\u00bb body_line_height=\u00bb1.5em\u00bb button_font=\u00bbOswald|||on|\u00bb button_border_radius_hover=\u00bb0&#8243; custom_css_main_element=\u00bbposition: relative; z-index: 10;\u00bb background_position=\u00bbtop_left\u00bb background_repeat=\u00bbrepeat\u00bb background_size=\u00bbinitial\u00bb]<\/p>\n<h2>Prensa en\u00a0<span style=\"color: #be1818;\">2010<\/span><\/h2>\n<p>[\/et_pb_cta][\/et_pb_column][et_pb_column type=\u00bb1_2&#8243;][\/et_pb_column][\/et_pb_row][et_pb_row admin_label=\u00bbRow\u00bb make_fullwidth=\u00bboff\u00bb use_custom_width=\u00bboff\u00bb width_unit=\u00bbon\u00bb use_custom_gutter=\u00bboff\u00bb padding_mobile=\u00bboff\u00bb allow_player_pause=\u00bboff\u00bb parallax=\u00bboff\u00bb parallax_method=\u00bboff\u00bb make_equal=\u00bboff\u00bb parallax_1=\u00bboff\u00bb parallax_method_1=\u00bboff\u00bb parallax_2=\u00bboff\u00bb parallax_method_2=\u00bboff\u00bb parallax_3=\u00bboff\u00bb parallax_method_3=\u00bboff\u00bb column_padding_mobile=\u00bbon\u00bb background_position=\u00bbtop_left\u00bb background_repeat=\u00bbrepeat\u00bb background_size=\u00bbinitial\u00bb][et_pb_column type=\u00bb1_2&#8243;][et_pb_blurb admin_label=\u00bbBlurb\u00bb title=\u00bbRuppiner Tagesblatt, 01.11.2010&#8243; url_new_window=\u00bboff\u00bb use_icon=\u00bboff\u00bb font_icon=\u00bb%%173%%\u00bb icon_color=\u00bb#fcbf00&#8243; use_circle=\u00bboff\u00bb circle_color=\u00bb#ffffff\u00bb use_circle_border=\u00bboff\u00bb circle_border_color=\u00bb#fcbf00&#8243; icon_placement=\u00bbleft\u00bb animation=\u00bbtop\u00bb background_layout=\u00bblight\u00bb text_orientation=\u00bbleft\u00bb use_icon_font_size=\u00bbon\u00bb use_border_color=\u00bboff\u00bb border_color=\u00bb#ffffff\u00bb border_style=\u00bbsolid\u00bb icon_font_size=\u00bb22&#8243; header_font_size=\u00bb20&#8243; icon_font_size_last_edited=\u00bbon|desktop\u00bb custom_css_blurb_title=\u00bbfont-weight:800;||border-style: solid;||border-color: #aeafaf;||border-left-width: 1px;||padding: 0px 0px 0px 8px;||margin-left: -10px;\u00bb header_line_height=\u00bb1.2em\u00bb body_line_height=\u00bb1.5em\u00bb body_text_color=\u00bb#666666&#8243; background_position=\u00bbtop_left\u00bb background_repeat=\u00bbrepeat\u00bb background_size=\u00bbinitial\u00bb]<\/p>\n<p><img data-recalc-dims=\"1\" loading=\"lazy\" decoding=\"async\" class=\"alignnone size-medium wp-image-29506\" src=\"https:\/\/i0.wp.com\/laura-la-risa.de.w01c716b.kasserver.com\/wp-content\/uploads\/2016\/09\/ruppiner-tagesblatt-flamenco-189x300.jpg?resize=189%2C300\" alt=\"ruppiner-tagesblatt-flamenco\" width=\"189\" height=\"300\" srcset=\"https:\/\/i0.wp.com\/laura-la-risa.de\/wp-content\/uploads\/2016\/09\/ruppiner-tagesblatt-flamenco.jpg?resize=189%2C300&amp;ssl=1 189w, https:\/\/i0.wp.com\/laura-la-risa.de\/wp-content\/uploads\/2016\/09\/ruppiner-tagesblatt-flamenco.jpg?resize=768%2C1221&amp;ssl=1 768w, https:\/\/i0.wp.com\/laura-la-risa.de\/wp-content\/uploads\/2016\/09\/ruppiner-tagesblatt-flamenco.jpg?resize=644%2C1024&amp;ssl=1 644w, https:\/\/i0.wp.com\/laura-la-risa.de\/wp-content\/uploads\/2016\/09\/ruppiner-tagesblatt-flamenco.jpg?w=805&amp;ssl=1 805w\" sizes=\"(max-width: 189px) 100vw, 189px\" \/><\/p>\n<p><em>\u00abDer Flamenco kommt beinahe aus dem\u00a0Nichts &#8211; w\u00e4re da nicht das\u00a0Feuer in den F\u00fc\u00dfen der T\u00e4nzerin.<\/em><br \/>\n<em> Mit dem Absatz schl\u00e4gt\u00a0sie einmal auf das Parkett, h\u00e4lt inne. Ihr Kopf ist sehr aufrecht\u00a0und der K\u00f6rper stolz.\u00a0Ihre Arme sind weit gespannt\u00a0wie Adlerschwingen. Eine\u00a0winzige Drehung mit den gestreckten\u00a0Fingern geht dem\u00a0zweiten Schlag mit dem Fu\u00df\u00a0voraus\u00bb f\u00fcr Rhythrnus entsteht\u00a0&#8211; so magisch wie unaufhaltsam\u00a0rasant &#8211; aus diesen\u00a0wenigen Impulsen.\u00a0Wer jetzt, noch nicht steht,\u00a0der reckt den Hals, um die\u00a0Quelle des akustischen Feuers\u00a0zu sehen, das Laura la Risa\u00a0und Celia Marta Rojas gerade\u00a0mit ihren F\u00fc\u00dfen in der Neuruppiner Pfarrkirche entfacht\u00a0haben. &#8230;\u00bb<\/em><\/p>\n<p>[\/et_pb_blurb][et_pb_blurb admin_label=\u00bbBlurb\u00bb title=\u00bb8 Die Lupe, 12.06.2010&#8243; url_new_window=\u00bboff\u00bb use_icon=\u00bboff\u00bb font_icon=\u00bb%%173%%\u00bb icon_color=\u00bb#fcbf00&#8243; use_circle=\u00bboff\u00bb circle_color=\u00bb#ffffff\u00bb use_circle_border=\u00bboff\u00bb circle_border_color=\u00bb#fcbf00&#8243; icon_placement=\u00bbleft\u00bb animation=\u00bbtop\u00bb background_layout=\u00bblight\u00bb text_orientation=\u00bbleft\u00bb use_icon_font_size=\u00bbon\u00bb use_border_color=\u00bboff\u00bb border_color=\u00bb#ffffff\u00bb border_style=\u00bbsolid\u00bb icon_font_size=\u00bb22&#8243; header_font_size=\u00bb20&#8243; icon_font_size_last_edited=\u00bbon|desktop\u00bb custom_css_blurb_title=\u00bbfont-weight:800;||border-style: solid;||border-color: #aeafaf;||border-left-width: 1px;||padding: 0px 0px 0px 8px;||margin-left: -10px;\u00bb header_line_height=\u00bb1.2em\u00bb body_line_height=\u00bb1.5em\u00bb body_text_color=\u00bb#666666&#8243; background_position=\u00bbtop_left\u00bb background_repeat=\u00bbrepeat\u00bb background_size=\u00bbinitial\u00bb]<\/p>\n<address><em>\u00abKarneval der Kulturen in Berlin.\u00a0Harte Arbeit vor dem Karneval-Spa\u00df.<\/em><br \/>\n<em>(\u2026.) Auf satirische Weise wird mit diesem Tanz die Sklaventreiberei der spanischen Besetzer kritisiert.<\/em><br \/>\n<em>Laura La Risa, Gitanas y Colibris (89 Punkte unten rechts) \u201eGitanas zwichen den Welten \u2013 tanzt zu den Liedern<\/em><br \/>\n<em>der Liebe!\u201c zu Gesang und Gitarrenspiel tanzen Gitanas Flamenco, eine Gruppe mit riesigen Puppen<\/em><br \/>\n<em>hat sich mit Slogangs \u201eKein KRIEG um \u00d6L\u201c, \u201edie WELT ist keine WARE\u201c \u201edie ERDE ist unsere MUTTER\u201c; Wir ZAHLEN nicht f\u00fcr EURE KRISE\u201c, dazugesellt. &#8230;\u00bb<\/em><\/address>\n<p>[\/et_pb_blurb][\/et_pb_column][et_pb_column type=\u00bb1_2&#8243;][et_pb_blurb admin_label=\u00bbBlurb\u00bb title=\u00bbBerliner Morgenpost, Sonnabend 18.09.2010&#8243; url_new_window=\u00bboff\u00bb use_icon=\u00bboff\u00bb font_icon=\u00bb%%173%%\u00bb icon_color=\u00bb#fcbf00&#8243; use_circle=\u00bboff\u00bb circle_color=\u00bb#ffffff\u00bb use_circle_border=\u00bboff\u00bb circle_border_color=\u00bb#fcbf00&#8243; icon_placement=\u00bbleft\u00bb animation=\u00bbtop\u00bb background_layout=\u00bblight\u00bb text_orientation=\u00bbleft\u00bb use_icon_font_size=\u00bbon\u00bb use_border_color=\u00bboff\u00bb border_color=\u00bb#ffffff\u00bb border_style=\u00bbsolid\u00bb icon_font_size=\u00bb22&#8243; header_font_size=\u00bb20&#8243; icon_font_size_last_edited=\u00bbon|desktop\u00bb custom_css_blurb_title=\u00bbfont-weight:800;||border-style: solid;||border-color: #aeafaf;||border-left-width: 1px;||padding: 0px 0px 0px 8px;||margin-left: -10px;\u00bb header_line_height=\u00bb1.2em\u00bb body_line_height=\u00bb1.5em\u00bb body_text_color=\u00bb#666666&#8243; background_position=\u00bbtop_left\u00bb background_repeat=\u00bbrepeat\u00bb background_size=\u00bbinitial\u00bb]<\/p>\n<p><img data-recalc-dims=\"1\" loading=\"lazy\" decoding=\"async\" class=\"alignnone size-medium wp-image-29503\" src=\"https:\/\/i0.wp.com\/laura-la-risa.de.w01c716b.kasserver.com\/wp-content\/uploads\/2016\/09\/berliner-morgenpost-flamenco-300x169.jpg?resize=300%2C169\" alt=\"berliner-morgenpost-flamenco\" width=\"300\" height=\"169\" srcset=\"https:\/\/i0.wp.com\/laura-la-risa.de\/wp-content\/uploads\/2016\/09\/berliner-morgenpost-flamenco.jpg?resize=300%2C169&amp;ssl=1 300w, https:\/\/i0.wp.com\/laura-la-risa.de\/wp-content\/uploads\/2016\/09\/berliner-morgenpost-flamenco.jpg?resize=768%2C432&amp;ssl=1 768w, https:\/\/i0.wp.com\/laura-la-risa.de\/wp-content\/uploads\/2016\/09\/berliner-morgenpost-flamenco.jpg?resize=1024%2C576&amp;ssl=1 1024w, https:\/\/i0.wp.com\/laura-la-risa.de\/wp-content\/uploads\/2016\/09\/berliner-morgenpost-flamenco.jpg?resize=1080%2C608&amp;ssl=1 1080w, https:\/\/i0.wp.com\/laura-la-risa.de\/wp-content\/uploads\/2016\/09\/berliner-morgenpost-flamenco.jpg?w=1280&amp;ssl=1 1280w\" sizes=\"(max-width: 300px) 100vw, 300px\" \/><\/p>\n<p><em>\u00abDie Verwandlung braucht ein bisschen\u00a0Zeit. Winnie (10) tr\u00e4gt eine Holzkiste\u00a0voller T\u00fccher und Blumen in die Umkleide,\u00a0es wird getuschelt, gekichert &#8211;\u00a0dann dr\u00e4ngen alle T\u00e4nzerinnen im weiten\u00a0Rock, mit Fransentuch, Blumenspange\u00a0und halbhohen Schuhen in den\u00a0Saal. Viele Kinder begeisterten sich gerade\u00a0deshalb f\u00fcr den Tanz, sagt Laura la\u00a0Risa, Spanierin und ausgebildete Ballettt\u00e4nzerin.\u00a0Schon Dreij\u00e4hrige lernen\u00a0bei ihr Flamenco. Sophia (5) lauscht\u00a0dem Rhythmus, ein Fingerschnippen,\u00a0dann greift sie ihre R\u00f6cke, schwingt den\u00a0Stoff und dreht sich mit klappernden\u00a0Abs\u00e4tzen durch den Raum. Das Gef\u00fchl\u00a0f\u00fcr Bewegung werde geschult, sagt Laura\u00a0la Risa, \u00ababer auch das Sozialverhalten:\u00a0Beim Flamenco ist die T\u00e4nzerin\u00a0nicht die Hauptperson. Die Musik ist\u00a0genau so wichtig wie der Tanz.\u00bb\u00bb<\/em><\/p>\n<p>[\/et_pb_blurb][et_pb_blurb admin_label=\u00bbBlurb\u00bb title=\u00bbRuppiner Tagesblatt, Steffen Reblin\u00bb url_new_window=\u00bboff\u00bb use_icon=\u00bboff\u00bb font_icon=\u00bb%%173%%\u00bb icon_color=\u00bb#fcbf00&#8243; use_circle=\u00bboff\u00bb circle_color=\u00bb#ffffff\u00bb use_circle_border=\u00bboff\u00bb circle_border_color=\u00bb#fcbf00&#8243; icon_placement=\u00bbleft\u00bb animation=\u00bbtop\u00bb background_layout=\u00bblight\u00bb text_orientation=\u00bbleft\u00bb use_icon_font_size=\u00bbon\u00bb use_border_color=\u00bboff\u00bb border_color=\u00bb#ffffff\u00bb border_style=\u00bbsolid\u00bb icon_font_size=\u00bb22&#8243; header_font_size=\u00bb20&#8243; icon_font_size_last_edited=\u00bbon|desktop\u00bb custom_css_blurb_title=\u00bbfont-weight:800;||border-style: solid;||border-color: #aeafaf;||border-left-width: 1px;||padding: 0px 0px 0px 8px;||margin-left: -10px;\u00bb header_line_height=\u00bb1.2em\u00bb body_line_height=\u00bb1.5em\u00bb body_text_color=\u00bb#666666&#8243; background_position=\u00bbtop_left\u00bb background_repeat=\u00bbrepeat\u00bb background_size=\u00bbinitial\u00bb]<\/p>\n<p><img data-recalc-dims=\"1\" loading=\"lazy\" decoding=\"async\" class=\"alignnone size-medium wp-image-29509\" src=\"https:\/\/i0.wp.com\/laura-la-risa.de.w01c716b.kasserver.com\/wp-content\/uploads\/2016\/09\/spanisches-flair-300x94.jpg?resize=300%2C94\" alt=\"spanisches-flair\" width=\"300\" height=\"94\" srcset=\"https:\/\/i0.wp.com\/laura-la-risa.de\/wp-content\/uploads\/2016\/09\/spanisches-flair.jpg?resize=300%2C94&amp;ssl=1 300w, https:\/\/i0.wp.com\/laura-la-risa.de\/wp-content\/uploads\/2016\/09\/spanisches-flair.jpg?resize=768%2C240&amp;ssl=1 768w, https:\/\/i0.wp.com\/laura-la-risa.de\/wp-content\/uploads\/2016\/09\/spanisches-flair.jpg?resize=1024%2C320&amp;ssl=1 1024w, https:\/\/i0.wp.com\/laura-la-risa.de\/wp-content\/uploads\/2016\/09\/spanisches-flair.jpg?resize=1080%2C338&amp;ssl=1 1080w, https:\/\/i0.wp.com\/laura-la-risa.de\/wp-content\/uploads\/2016\/09\/spanisches-flair.jpg?w=1280&amp;ssl=1 1280w\" sizes=\"(max-width: 300px) 100vw, 300px\" \/><\/p>\n<p><em>\u00abSpanisches\u00a0Flair, untermalt von temperamentvollen\u00a0sowie einf\u00fchlsamen\u00a0Liedern und T\u00e4nzen,\u00a0verspr\u00fchte am Sonnabend\u00a0die Gruppe \u00abVivo Flamenco\u00bb\u00a0in der Neuruppiner Kulturkirche.\u00a0Mehr als 130 Zuh\u00f6rer\u00a0kamen zum Flamenco-Konzert\u00a0der besonderen Art. &#8230;\u00bb<\/em><\/p>\n<p>[\/et_pb_blurb][\/et_pb_column][\/et_pb_row][\/et_pb_section][et_pb_section bb_built=\u00bb1&#8243; fullwidth=\u00bboff\u00bb specialty=\u00bboff\u00bb][et_pb_row admin_label=\u00bbRow\u00bb make_fullwidth=\u00bboff\u00bb use_custom_width=\u00bboff\u00bb width_unit=\u00bbon\u00bb use_custom_gutter=\u00bboff\u00bb custom_padding=\u00bb3%||3%|\u00bb padding_mobile=\u00bboff\u00bb allow_player_pause=\u00bboff\u00bb parallax=\u00bboff\u00bb parallax_method=\u00bboff\u00bb make_equal=\u00bboff\u00bb parallax_1=\u00bboff\u00bb parallax_method_1=\u00bboff\u00bb parallax_2=\u00bboff\u00bb parallax_method_2=\u00bboff\u00bb column_padding_mobile=\u00bbon\u00bb custom_padding_last_edited=\u00bbon|desktop\u00bb background_position=\u00bbtop_left\u00bb background_repeat=\u00bbrepeat\u00bb background_size=\u00bbinitial\u00bb][et_pb_column type=\u00bb1_2&#8243;][et_pb_cta admin_label=\u00bbPresse in 2007&#8243; url_new_window=\u00bboff\u00bb use_background_color=\u00bboff\u00bb background_color=\u00bb#fcbf00&#8243; background_layout=\u00bbdark\u00bb text_orientation=\u00bbcenter\u00bb header_font_size_last_edited=\u00bbon|phone\u00bb use_border_color=\u00bboff\u00bb border_color=\u00bb#ffffff\u00bb border_style=\u00bbsolid\u00bb custom_button=\u00bbon\u00bb button_letter_spacing=\u00bb2&#8243; button_use_icon=\u00bbon\u00bb button_icon_placement=\u00bbright\u00bb button_on_hover=\u00bbon\u00bb button_letter_spacing_hover=\u00bb2&#8243; custom_css_promo_button=\u00bbmargin-top: 30px;\u00bb header_font_size=\u00bb38&#8243; header_font_size_phone=\u00bb28&#8243; header_font_size_tablet=\u00bb34&#8243; module_id=\u00bbtoptext\u00bb button_border_radius=\u00bb0&#8243; button_text_size_last_edited=\u00bbon|desktop\u00bb button_text_size_phone=\u00bb18&#8243; header_text_color=\u00bb#ffffff\u00bb header_line_height=\u00bb1.2em\u00bb button_text_color=\u00bb#ffffff\u00bb button_bg_color=\u00bbrgba(0,0,0,0)\u00bb button_border_color=\u00bb#ffffff\u00bb button_icon=\u00bb%%24%%\u00bb button_text_color_hover=\u00bb#ffffff\u00bb button_bg_color_hover=\u00bbrgba(255,255,255,0.2)\u00bb button_border_color_hover=\u00bbrgba(255,255,255,0)\u00bb custom_css_promo_title=\u00bbfont-weight: 800;\u00bb body_line_height=\u00bb1.5em\u00bb button_font=\u00bbOswald|||on|\u00bb button_border_radius_hover=\u00bb0&#8243; custom_css_main_element=\u00bbposition: relative; z-index: 10;\u00bb background_position=\u00bbtop_left\u00bb background_repeat=\u00bbrepeat\u00bb background_size=\u00bbinitial\u00bb]<\/p>\n<h2>Prensa en\u00a0<span style=\"color: #be1818;\">2007<\/span><\/h2>\n<p>[\/et_pb_cta][\/et_pb_column][et_pb_column type=\u00bb1_2&#8243;][\/et_pb_column][\/et_pb_row][et_pb_row admin_label=\u00bbRow\u00bb make_fullwidth=\u00bboff\u00bb use_custom_width=\u00bboff\u00bb width_unit=\u00bbon\u00bb use_custom_gutter=\u00bboff\u00bb padding_mobile=\u00bboff\u00bb allow_player_pause=\u00bboff\u00bb parallax=\u00bboff\u00bb parallax_method=\u00bboff\u00bb make_equal=\u00bboff\u00bb parallax_1=\u00bboff\u00bb parallax_method_1=\u00bboff\u00bb parallax_2=\u00bboff\u00bb parallax_method_2=\u00bboff\u00bb parallax_3=\u00bboff\u00bb parallax_method_3=\u00bboff\u00bb column_padding_mobile=\u00bbon\u00bb background_position=\u00bbtop_left\u00bb background_repeat=\u00bbrepeat\u00bb background_size=\u00bbinitial\u00bb][et_pb_column type=\u00bb1_2&#8243;][et_pb_blurb admin_label=\u00bbBlurb\u00bb title=\u00bbTagesspiegel, 21.06.2007&#8243; url_new_window=\u00bboff\u00bb use_icon=\u00bboff\u00bb font_icon=\u00bb%%173%%\u00bb icon_color=\u00bb#fcbf00&#8243; use_circle=\u00bboff\u00bb circle_color=\u00bb#ffffff\u00bb use_circle_border=\u00bboff\u00bb circle_border_color=\u00bb#fcbf00&#8243; icon_placement=\u00bbleft\u00bb animation=\u00bbtop\u00bb background_layout=\u00bblight\u00bb text_orientation=\u00bbleft\u00bb use_icon_font_size=\u00bbon\u00bb use_border_color=\u00bboff\u00bb border_color=\u00bb#ffffff\u00bb border_style=\u00bbsolid\u00bb icon_font_size=\u00bb22&#8243; header_font_size=\u00bb20&#8243; icon_font_size_last_edited=\u00bbon|desktop\u00bb custom_css_blurb_title=\u00bbfont-weight:800;||border-style: solid;||border-color: #aeafaf;||border-left-width: 1px;||padding: 0px 0px 0px 8px;||margin-left: -10px;\u00bb header_line_height=\u00bb1.2em\u00bb body_line_height=\u00bb1.5em\u00bb body_text_color=\u00bb#666666&#8243; background_position=\u00bbtop_left\u00bb background_repeat=\u00bbrepeat\u00bb background_size=\u00bbinitial\u00bb]<\/p>\n<address><em>\u201c\u2026\u2026\u2026.. acht F\u00e4cher schwingen in der Luft, synchron wirbeln wundersch\u00f6ne Flamencor\u00f6cke an mir vorbei. Noch ein letztes Mal knallen die schwarzen Absatzschuhe auf den Boden, dann stehen die T\u00e4nzer still. Obwohl es so klingt, als ob ich in Spanien w\u00e4re und mir Flamencot\u00e4nze anschauen w\u00fcrde, bin ich im \u201eA comp\u00e1s Tanzstudio\u201c. Hier findet ein gro\u00dfes Kindertanzfestival mit vielen Workshops und Auff\u00fchrungen statt\u2026. \u2026. Ihr Festivalst\u00fcck \u201eMi Abuela\u201c (\u201eMeine Oma\u201c) handelt von einem Jungen namens Mario und seiner Oma. Mit verschiedenen spanischen T\u00e4nzen erz\u00e4hlt die Gruppe, wie die Oma stirbt und Mario lernen muss, mit dem Verlust umzugehen. \u2026.Proben ist alles, denn jede Bewegung muss perfekt sitzen, mahnt die Leiterin der Flamencoschule Laura la Risa mehrmals. Sobald sie den Saal betritt, wird sie von der aufgedrehten Kinderschar umringt. \u201eWann sind die Kost\u00fcme fertig? Wann treten wir auf?\u201c, wird sie gefragt. Und dann werden die n\u00e4chsten Schritte ge\u00fcbt. Leise schleiche ich hinaus und freue mich schon, mir am Samstag das ganze St\u00fcck anzusehen \u2026\u2026\u2026..\u201d<\/em><\/address>\n<p>[\/et_pb_blurb][et_pb_blurb admin_label=\u00bbBlurb\u00bb title=\u00bbMichael Frost, 20.01.2007&#8243; url_new_window=\u00bboff\u00bb use_icon=\u00bboff\u00bb font_icon=\u00bb%%173%%\u00bb icon_color=\u00bb#fcbf00&#8243; use_circle=\u00bboff\u00bb circle_color=\u00bb#ffffff\u00bb use_circle_border=\u00bboff\u00bb circle_border_color=\u00bb#fcbf00&#8243; icon_placement=\u00bbleft\u00bb animation=\u00bbtop\u00bb background_layout=\u00bblight\u00bb text_orientation=\u00bbleft\u00bb use_icon_font_size=\u00bbon\u00bb use_border_color=\u00bboff\u00bb border_color=\u00bb#ffffff\u00bb border_style=\u00bbsolid\u00bb icon_font_size=\u00bb22&#8243; header_font_size=\u00bb20&#8243; icon_font_size_last_edited=\u00bbon|desktop\u00bb custom_css_blurb_title=\u00bbfont-weight:800;||border-style: solid;||border-color: #aeafaf;||border-left-width: 1px;||padding: 0px 0px 0px 8px;||margin-left: -10px;\u00bb header_line_height=\u00bb1.2em\u00bb body_line_height=\u00bb1.5em\u00bb body_text_color=\u00bb#666666&#8243; background_position=\u00bbtop_left\u00bb background_repeat=\u00bbrepeat\u00bb background_size=\u00bbinitial\u00bb]<\/p>\n<address>\u201e\u2026ein knappes Dutzend Musiker aus dem multikulturellen Zentrum der Hauptstadt r\u00fcckt aus, ausger\u00fcstet mit Geigen, Schlagzeug und Percussions, Pauken und Trompeten, Tanz, Gesang und wilden Rhythmen aus Flamenco, Balkanpop, osteurop\u00e4ischer Folklore, Gypsy und Ethnopunk \u2013 und pustet uns die Ohren frei:<br \/>\nSchluss mit dem Einheitsbrei der Radiostationen und dem Castingwahn im Privat-TV. Na endlich! (\u2026) entfalten in der Wechselwirkung aus Rhythmus, Sprache und Arrangements eine furiose Weltreise, die mehr einer Achterbahnfahrt \u2013 Loopings eingeschlossen \u2013 gleicht.\u201c.<\/address>\n<p>[\/et_pb_blurb][\/et_pb_column][et_pb_column type=\u00bb1_2&#8243;][et_pb_blurb admin_label=\u00bbBlurb\u00bb title=\u00bbKen FM, 2007&#8243; url_new_window=\u00bboff\u00bb use_icon=\u00bboff\u00bb font_icon=\u00bb%%173%%\u00bb icon_color=\u00bb#fcbf00&#8243; use_circle=\u00bboff\u00bb circle_color=\u00bb#ffffff\u00bb use_circle_border=\u00bboff\u00bb circle_border_color=\u00bb#fcbf00&#8243; icon_placement=\u00bbleft\u00bb animation=\u00bbtop\u00bb background_layout=\u00bblight\u00bb text_orientation=\u00bbleft\u00bb use_icon_font_size=\u00bbon\u00bb use_border_color=\u00bboff\u00bb border_color=\u00bb#ffffff\u00bb border_style=\u00bbsolid\u00bb icon_font_size=\u00bb22&#8243; header_font_size=\u00bb20&#8243; icon_font_size_last_edited=\u00bbon|desktop\u00bb custom_css_blurb_title=\u00bbfont-weight:800;||border-style: solid;||border-color: #aeafaf;||border-left-width: 1px;||padding: 0px 0px 0px 8px;||margin-left: -10px;\u00bb header_line_height=\u00bb1.2em\u00bb body_line_height=\u00bb1.5em\u00bb body_text_color=\u00bb#666666&#8243; background_position=\u00bbtop_left\u00bb background_repeat=\u00bbrepeat\u00bb background_size=\u00bbinitial\u00bb]<\/p>\n<address>\u201ePlatte des Monats Juni 2007 \u201eLos Bomberos De Monte Cruz\u201c.<br \/>\nDie Band setzt sich aus extrem guten Berliner und Potsdamer Musikern zusammen und hat nur ein Ziel.<br \/>\nAm Rad drehen um gute Laune zu verbreiten. (\u2026)<br \/>\nDass sich die Combo nicht wirklich ernst nimmt, atmet jeder Song.<br \/>\nAnders als Punkrock-Platten ist die uns vorliegende Deb\u00fct-CD aber top aufgenommen und endtight eingespielt.<br \/>\nHier machen welche auf Affen sind aber in Wirklichkeit Vollprofis, die einfach mal Musik machen wollen bei der die H\u00f6rer grinsen m\u00fcssen.<br \/>\nEine sehr sch\u00f6ne, sehr merkw\u00fcrdige, sehr frische Scheibe.<br \/>\nMusik als Waffe gegen den Alltagstrott. I love it.\u201c<\/address>\n<p>[\/et_pb_blurb][\/et_pb_column][\/et_pb_row][\/et_pb_section][et_pb_section bb_built=\u00bb1&#8243; admin_label=\u00bbSection\u00bb fullwidth=\u00bboff\u00bb specialty=\u00bboff\u00bb collapsed=\u00bboff\u00bb transparent_background=\u00bboff\u00bb background_color=\u00bb#ffffff\u00bb allow_player_pause=\u00bboff\u00bb inner_shadow=\u00bboff\u00bb parallax=\u00bboff\u00bb parallax_method=\u00bboff\u00bb padding_mobile=\u00bboff\u00bb make_fullwidth=\u00bboff\u00bb use_custom_width=\u00bboff\u00bb width_unit=\u00bbon\u00bb make_equal=\u00bboff\u00bb use_custom_gutter=\u00bboff\u00bb custom_padding_tablet=\u00bb50px|0|50px|0&#8243; custom_padding_last_edited=\u00bbon|desktop\u00bb][et_pb_row admin_label=\u00bbRow\u00bb make_fullwidth=\u00bboff\u00bb use_custom_width=\u00bboff\u00bb width_unit=\u00bbon\u00bb use_custom_gutter=\u00bboff\u00bb custom_padding=\u00bb3%||3%|\u00bb padding_mobile=\u00bboff\u00bb allow_player_pause=\u00bboff\u00bb parallax=\u00bboff\u00bb parallax_method=\u00bboff\u00bb make_equal=\u00bboff\u00bb parallax_1=\u00bboff\u00bb parallax_method_1=\u00bboff\u00bb parallax_2=\u00bboff\u00bb parallax_method_2=\u00bboff\u00bb column_padding_mobile=\u00bbon\u00bb custom_padding_last_edited=\u00bbon|desktop\u00bb background_position=\u00bbtop_left\u00bb background_repeat=\u00bbrepeat\u00bb background_size=\u00bbinitial\u00bb][et_pb_column type=\u00bb1_2&#8243;][et_pb_cta admin_label=\u00bbPresse in 2006&#8243; url_new_window=\u00bboff\u00bb use_background_color=\u00bboff\u00bb background_color=\u00bb#fcbf00&#8243; background_layout=\u00bbdark\u00bb text_orientation=\u00bbcenter\u00bb header_font_size_last_edited=\u00bbon|phone\u00bb use_border_color=\u00bboff\u00bb border_color=\u00bb#ffffff\u00bb border_style=\u00bbsolid\u00bb custom_button=\u00bbon\u00bb button_letter_spacing=\u00bb2&#8243; button_use_icon=\u00bbon\u00bb button_icon_placement=\u00bbright\u00bb button_on_hover=\u00bbon\u00bb button_letter_spacing_hover=\u00bb2&#8243; custom_css_promo_button=\u00bbmargin-top: 30px;\u00bb header_font_size=\u00bb38&#8243; header_font_size_phone=\u00bb28&#8243; header_font_size_tablet=\u00bb34&#8243; module_id=\u00bbtoptext\u00bb button_border_radius=\u00bb0&#8243; button_text_size_last_edited=\u00bbon|desktop\u00bb button_text_size_phone=\u00bb18&#8243; header_text_color=\u00bb#ffffff\u00bb header_line_height=\u00bb1.2em\u00bb button_text_color=\u00bb#ffffff\u00bb button_bg_color=\u00bbrgba(0,0,0,0)\u00bb button_border_color=\u00bb#ffffff\u00bb button_icon=\u00bb%%24%%\u00bb button_text_color_hover=\u00bb#ffffff\u00bb button_bg_color_hover=\u00bbrgba(255,255,255,0.2)\u00bb button_border_color_hover=\u00bbrgba(255,255,255,0)\u00bb custom_css_promo_title=\u00bbfont-weight: 800;\u00bb body_line_height=\u00bb1.5em\u00bb button_font=\u00bbOswald|||on|\u00bb button_border_radius_hover=\u00bb0&#8243; custom_css_main_element=\u00bbposition: relative; z-index: 10;\u00bb background_position=\u00bbtop_left\u00bb background_repeat=\u00bbrepeat\u00bb background_size=\u00bbinitial\u00bb]<\/p>\n<h2>Prensa en\u00a0<span style=\"color: #be1818;\">2006<\/span><\/h2>\n<p>[\/et_pb_cta][\/et_pb_column][et_pb_column type=\u00bb1_2&#8243;][\/et_pb_column][\/et_pb_row][et_pb_row admin_label=\u00bbRow\u00bb make_fullwidth=\u00bboff\u00bb use_custom_width=\u00bboff\u00bb width_unit=\u00bbon\u00bb use_custom_gutter=\u00bboff\u00bb padding_mobile=\u00bboff\u00bb allow_player_pause=\u00bboff\u00bb parallax=\u00bboff\u00bb parallax_method=\u00bboff\u00bb make_equal=\u00bboff\u00bb parallax_1=\u00bboff\u00bb parallax_method_1=\u00bboff\u00bb parallax_2=\u00bboff\u00bb parallax_method_2=\u00bboff\u00bb parallax_3=\u00bboff\u00bb parallax_method_3=\u00bboff\u00bb column_padding_mobile=\u00bbon\u00bb background_position=\u00bbtop_left\u00bb background_repeat=\u00bbrepeat\u00bb background_size=\u00bbinitial\u00bb][et_pb_column type=\u00bb1_2&#8243;][et_pb_blurb admin_label=\u00bbBlurb\u00bb title=\u00bbKatharina Weise, 20.11.2006&#8243; url_new_window=\u00bboff\u00bb use_icon=\u00bboff\u00bb font_icon=\u00bb%%173%%\u00bb icon_color=\u00bb#fcbf00&#8243; use_circle=\u00bboff\u00bb circle_color=\u00bb#ffffff\u00bb use_circle_border=\u00bboff\u00bb circle_border_color=\u00bb#fcbf00&#8243; icon_placement=\u00bbleft\u00bb animation=\u00bbtop\u00bb background_layout=\u00bblight\u00bb text_orientation=\u00bbleft\u00bb use_icon_font_size=\u00bbon\u00bb use_border_color=\u00bboff\u00bb border_color=\u00bb#ffffff\u00bb border_style=\u00bbsolid\u00bb icon_font_size=\u00bb22&#8243; header_font_size=\u00bb20&#8243; icon_font_size_last_edited=\u00bbon|desktop\u00bb custom_css_blurb_title=\u00bbfont-weight:800;||border-style: solid;||border-color: #aeafaf;||border-left-width: 1px;||padding: 0px 0px 0px 8px;||margin-left: -10px;\u00bb header_line_height=\u00bb1.2em\u00bb body_line_height=\u00bb1.5em\u00bb body_text_color=\u00bb#666666&#8243; background_position=\u00bbtop_left\u00bb background_repeat=\u00bbrepeat\u00bb background_size=\u00bbinitial\u00bb]<\/p>\n<address>\u201eLive ist die Band grandios \u2013 die Record Release Party war UNA GRANDE FIESTA! Gesungen wird meist Spanisch, getanzt wird Flamenco mit Stilbruch, Balkant\u00f6ne unterstreichen das eine Lied, Reggae das andere. Da k\u00f6nnte man fast auf die Idee kommen, ein Feuerchen zu legen um die Band wieder zu sehen\u2026\u201c\u00a0<\/address>\n<p>[\/et_pb_blurb][\/et_pb_column][et_pb_column type=\u00bb1_2&#8243;][et_pb_blurb admin_label=\u00bbBlurb\u00bb title=\u00bbQuerfunk 2006&#8243; url_new_window=\u00bboff\u00bb use_icon=\u00bboff\u00bb font_icon=\u00bb%%173%%\u00bb icon_color=\u00bb#fcbf00&#8243; use_circle=\u00bboff\u00bb circle_color=\u00bb#ffffff\u00bb use_circle_border=\u00bboff\u00bb circle_border_color=\u00bb#fcbf00&#8243; icon_placement=\u00bbleft\u00bb animation=\u00bbtop\u00bb background_layout=\u00bblight\u00bb text_orientation=\u00bbleft\u00bb use_icon_font_size=\u00bbon\u00bb use_border_color=\u00bboff\u00bb border_color=\u00bb#ffffff\u00bb border_style=\u00bbsolid\u00bb icon_font_size=\u00bb22&#8243; header_font_size=\u00bb20&#8243; icon_font_size_last_edited=\u00bbon|desktop\u00bb custom_css_blurb_title=\u00bbfont-weight:800;||border-style: solid;||border-color: #aeafaf;||border-left-width: 1px;||padding: 0px 0px 0px 8px;||margin-left: -10px;\u00bb header_line_height=\u00bb1.2em\u00bb body_line_height=\u00bb1.5em\u00bb body_text_color=\u00bb#666666&#8243; background_position=\u00bbtop_left\u00bb background_repeat=\u00bbrepeat\u00bb background_size=\u00bbinitial\u00bb]<\/p>\n<p>\u201eMit Los Bomberos de Monte Cruz sind wir noch mal im weltmusikalischen Hexenkessel Berlins gelandet.<br \/>\nLos Bomberos de Monte Cruz sind mehr Brandstifter als Feuerwehr, denn in ihrer Mischung aus Zigeunermusik,<br \/>\nrussischer Polka, Punkrock, Flamenco und Reggae steckt so viel Zunder, dass die Zuh\u00f6rer schon ein Herz aus Asbest haben m\u00fcssen,<br \/>\num nicht in Feuer und Flamme aufzugehen.\u201c<\/p>\n<p>[\/et_pb_blurb][\/et_pb_column][\/et_pb_row][\/et_pb_section][et_pb_section bb_built=\u00bb1&#8243; admin_label=\u00bbSection\u00bb fullwidth=\u00bboff\u00bb specialty=\u00bboff\u00bb collapsed=\u00bboff\u00bb transparent_background=\u00bboff\u00bb background_color=\u00bb#ffffff\u00bb allow_player_pause=\u00bboff\u00bb inner_shadow=\u00bboff\u00bb parallax=\u00bboff\u00bb parallax_method=\u00bboff\u00bb padding_mobile=\u00bboff\u00bb make_fullwidth=\u00bboff\u00bb use_custom_width=\u00bboff\u00bb width_unit=\u00bbon\u00bb make_equal=\u00bboff\u00bb use_custom_gutter=\u00bboff\u00bb custom_padding_tablet=\u00bb50px|0|50px|0&#8243; custom_padding_last_edited=\u00bbon|desktop\u00bb][et_pb_row admin_label=\u00bbRow\u00bb make_fullwidth=\u00bboff\u00bb use_custom_width=\u00bboff\u00bb width_unit=\u00bbon\u00bb use_custom_gutter=\u00bboff\u00bb custom_padding=\u00bb3%||3%|\u00bb padding_mobile=\u00bboff\u00bb allow_player_pause=\u00bboff\u00bb parallax=\u00bboff\u00bb parallax_method=\u00bboff\u00bb make_equal=\u00bboff\u00bb parallax_1=\u00bboff\u00bb parallax_method_1=\u00bboff\u00bb parallax_2=\u00bboff\u00bb parallax_method_2=\u00bboff\u00bb column_padding_mobile=\u00bbon\u00bb custom_padding_last_edited=\u00bbon|desktop\u00bb background_position=\u00bbtop_left\u00bb background_repeat=\u00bbrepeat\u00bb background_size=\u00bbinitial\u00bb][et_pb_column type=\u00bb1_2&#8243;][et_pb_cta admin_label=\u00bbPresse in 2004&#8243; url_new_window=\u00bboff\u00bb use_background_color=\u00bboff\u00bb background_color=\u00bb#fcbf00&#8243; background_layout=\u00bbdark\u00bb text_orientation=\u00bbcenter\u00bb header_font_size_last_edited=\u00bbon|phone\u00bb use_border_color=\u00bboff\u00bb border_color=\u00bb#ffffff\u00bb border_style=\u00bbsolid\u00bb custom_button=\u00bbon\u00bb button_letter_spacing=\u00bb2&#8243; button_use_icon=\u00bbon\u00bb button_icon_placement=\u00bbright\u00bb button_on_hover=\u00bbon\u00bb button_letter_spacing_hover=\u00bb2&#8243; custom_css_promo_button=\u00bbmargin-top: 30px;\u00bb header_font_size=\u00bb38&#8243; header_font_size_phone=\u00bb28&#8243; header_font_size_tablet=\u00bb34&#8243; module_id=\u00bbtoptext\u00bb button_border_radius=\u00bb0&#8243; button_text_size_last_edited=\u00bbon|desktop\u00bb button_text_size_phone=\u00bb18&#8243; header_text_color=\u00bb#ffffff\u00bb header_line_height=\u00bb1.2em\u00bb button_text_color=\u00bb#ffffff\u00bb button_bg_color=\u00bbrgba(0,0,0,0)\u00bb button_border_color=\u00bb#ffffff\u00bb button_icon=\u00bb%%24%%\u00bb button_text_color_hover=\u00bb#ffffff\u00bb button_bg_color_hover=\u00bbrgba(255,255,255,0.2)\u00bb button_border_color_hover=\u00bbrgba(255,255,255,0)\u00bb custom_css_promo_title=\u00bbfont-weight: 800;\u00bb body_line_height=\u00bb1.5em\u00bb button_font=\u00bbOswald|||on|\u00bb button_border_radius_hover=\u00bb0&#8243; custom_css_main_element=\u00bbposition: relative; z-index: 10;\u00bb background_position=\u00bbtop_left\u00bb background_repeat=\u00bbrepeat\u00bb background_size=\u00bbinitial\u00bb]<\/p>\n<h2>Prensa en\u00a0<span style=\"color: #be1818;\">2004<\/span><\/h2>\n<p>[\/et_pb_cta][\/et_pb_column][et_pb_column type=\u00bb1_2&#8243;][\/et_pb_column][\/et_pb_row][et_pb_row admin_label=\u00bbRow\u00bb make_fullwidth=\u00bboff\u00bb use_custom_width=\u00bboff\u00bb width_unit=\u00bbon\u00bb use_custom_gutter=\u00bboff\u00bb padding_mobile=\u00bboff\u00bb allow_player_pause=\u00bboff\u00bb parallax=\u00bboff\u00bb parallax_method=\u00bboff\u00bb make_equal=\u00bboff\u00bb parallax_1=\u00bboff\u00bb parallax_method_1=\u00bboff\u00bb parallax_2=\u00bboff\u00bb parallax_method_2=\u00bboff\u00bb parallax_3=\u00bboff\u00bb parallax_method_3=\u00bboff\u00bb column_padding_mobile=\u00bbon\u00bb background_position=\u00bbtop_left\u00bb background_repeat=\u00bbrepeat\u00bb background_size=\u00bbinitial\u00bb][et_pb_column type=\u00bb1_2&#8243;][et_pb_blurb admin_label=\u00bbBlurb\u00bb title=\u00bbMAZ 23.08.04&#8243; url_new_window=\u00bboff\u00bb use_icon=\u00bboff\u00bb font_icon=\u00bb%%173%%\u00bb icon_color=\u00bb#fcbf00&#8243; use_circle=\u00bboff\u00bb circle_color=\u00bb#ffffff\u00bb use_circle_border=\u00bboff\u00bb circle_border_color=\u00bb#fcbf00&#8243; icon_placement=\u00bbleft\u00bb animation=\u00bbtop\u00bb background_layout=\u00bblight\u00bb text_orientation=\u00bbleft\u00bb use_icon_font_size=\u00bbon\u00bb use_border_color=\u00bboff\u00bb border_color=\u00bb#ffffff\u00bb border_style=\u00bbsolid\u00bb icon_font_size=\u00bb22&#8243; header_font_size=\u00bb20&#8243; icon_font_size_last_edited=\u00bbon|desktop\u00bb custom_css_blurb_title=\u00bbfont-weight:800;||border-style: solid;||border-color: #aeafaf;||border-left-width: 1px;||padding: 0px 0px 0px 8px;||margin-left: -10px;\u00bb header_line_height=\u00bb1.2em\u00bb body_line_height=\u00bb1.5em\u00bb body_text_color=\u00bb#666666&#8243; background_position=\u00bbtop_left\u00bb background_repeat=\u00bbrepeat\u00bb background_size=\u00bbinitial\u00bb]<\/p>\n<address><em>\u201c\u2026\u2026\u2026\u2026.ein Dutzend Musiker aus aller Herren L\u00e4nder, die mit Zigeunermelodien und Flamencoschritten zu einer ausgelassenen Stimmung aufriefen. Mit ungeb\u00e4ndigten Tanzeinlagen,wehenden R\u00f6cken und dem Charme eines verschworenen geheimnisvollen Bundes war trotz der fr\u00fchen Stunde kein Halten mehr unter dem Babelsberger Firmament\u201d\u2026\u2026\u2026<\/em><\/address>\n<p>[\/et_pb_blurb][et_pb_blurb admin_label=\u00bbBlurb\u00bb title=\u00bbTip Berlin 17\/04 , 15.08.2004&#8243; url_new_window=\u00bboff\u00bb use_icon=\u00bboff\u00bb font_icon=\u00bb%%173%%\u00bb icon_color=\u00bb#fcbf00&#8243; use_circle=\u00bboff\u00bb circle_color=\u00bb#ffffff\u00bb use_circle_border=\u00bboff\u00bb circle_border_color=\u00bb#fcbf00&#8243; icon_placement=\u00bbleft\u00bb animation=\u00bbtop\u00bb background_layout=\u00bblight\u00bb text_orientation=\u00bbleft\u00bb use_icon_font_size=\u00bbon\u00bb use_border_color=\u00bboff\u00bb border_color=\u00bb#ffffff\u00bb border_style=\u00bbsolid\u00bb icon_font_size=\u00bb22&#8243; header_font_size=\u00bb20&#8243; icon_font_size_last_edited=\u00bbon|desktop\u00bb custom_css_blurb_title=\u00bbfont-weight:800;||border-style: solid;||border-color: #aeafaf;||border-left-width: 1px;||padding: 0px 0px 0px 8px;||margin-left: -10px;\u00bb header_line_height=\u00bb1.2em\u00bb body_line_height=\u00bb1.5em\u00bb body_text_color=\u00bb#666666&#8243; background_position=\u00bbtop_left\u00bb background_repeat=\u00bbrepeat\u00bb background_size=\u00bbinitial\u00bb]<\/p>\n<p><em>\u201cPaloma blanca\u201d \u201cDieser Tage geh\u00f6rt der Pfefferberg ganz dem hei\u00dfbl\u00fctigen andalusischen Tanz. Dass dieser auch einen Lerneffekt haben kann, zeigt das Kinder-Flamenco-Theaterst\u00fcck Paloma Blanca\u2026\u201d<\/em><\/p>\n<p>[\/et_pb_blurb][et_pb_blurb admin_label=\u00bbBlurb\u00bb title=\u00bbTAZ Berlin 27.02. 2004&#8243; url_new_window=\u00bboff\u00bb use_icon=\u00bboff\u00bb font_icon=\u00bb%%173%%\u00bb icon_color=\u00bb#fcbf00&#8243; use_circle=\u00bboff\u00bb circle_color=\u00bb#ffffff\u00bb use_circle_border=\u00bboff\u00bb circle_border_color=\u00bb#fcbf00&#8243; icon_placement=\u00bbleft\u00bb animation=\u00bbtop\u00bb background_layout=\u00bblight\u00bb text_orientation=\u00bbleft\u00bb use_icon_font_size=\u00bbon\u00bb use_border_color=\u00bboff\u00bb border_color=\u00bb#ffffff\u00bb border_style=\u00bbsolid\u00bb icon_font_size=\u00bb22&#8243; header_font_size=\u00bb20&#8243; icon_font_size_last_edited=\u00bbon|desktop\u00bb custom_css_blurb_title=\u00bbfont-weight:800;||border-style: solid;||border-color: #aeafaf;||border-left-width: 1px;||padding: 0px 0px 0px 8px;||margin-left: -10px;\u00bb header_line_height=\u00bb1.2em\u00bb body_line_height=\u00bb1.5em\u00bb body_text_color=\u00bb#666666&#8243; background_position=\u00bbtop_left\u00bb background_repeat=\u00bbrepeat\u00bb background_size=\u00bbinitial\u00bb]<\/p>\n<p><em>\u201c\u2026in Spanien kennt man das Ventil, mit dem man seinen Emotionen prima Luft machen kann: Flamenco. Die T\u00e4nzerin Laura la Risa ( bekannt auch durch ihr Anita \u2013 Berber \u2013 St\u00fcck \u201cRausch und Verfall\u201d ) zeigt ihn mit ihrem Tanzensemble. Zu sehen ist eine Dreiecksgeschichte um einen Ziegenhirten, eine Prinzessin mit erheblichen Verf\u00fchrungspotential und eine T\u00e4nzerin\u2026\u201d<\/em><\/p>\n<p>[\/et_pb_blurb][\/et_pb_column][et_pb_column type=\u00bb1_2&#8243;][et_pb_blurb admin_label=\u00bbBlurb\u00bb title=\u00bbTwoTickets Berlin, 20.08.2004&#8243; url_new_window=\u00bboff\u00bb use_icon=\u00bboff\u00bb font_icon=\u00bb%%173%%\u00bb icon_color=\u00bb#fcbf00&#8243; use_circle=\u00bboff\u00bb circle_color=\u00bb#ffffff\u00bb use_circle_border=\u00bboff\u00bb circle_border_color=\u00bb#fcbf00&#8243; icon_placement=\u00bbleft\u00bb animation=\u00bbtop\u00bb background_layout=\u00bblight\u00bb text_orientation=\u00bbleft\u00bb use_icon_font_size=\u00bbon\u00bb use_border_color=\u00bboff\u00bb border_color=\u00bb#ffffff\u00bb border_style=\u00bbsolid\u00bb icon_font_size=\u00bb22&#8243; header_font_size=\u00bb20&#8243; icon_font_size_last_edited=\u00bbon|desktop\u00bb custom_css_blurb_title=\u00bbfont-weight:800;||border-style: solid;||border-color: #aeafaf;||border-left-width: 1px;||padding: 0px 0px 0px 8px;||margin-left: -10px;\u00bb header_line_height=\u00bb1.2em\u00bb body_line_height=\u00bb1.5em\u00bb body_text_color=\u00bb#666666&#8243; background_position=\u00bbtop_left\u00bb background_repeat=\u00bbrepeat\u00bb background_size=\u00bbinitial\u00bb]<\/p>\n<p><em>\u201c\u2026Paloma ist anders als die vielen Kinder in ihrer Stra\u00dfe\u2026 Die Flamencot\u00e4nzerin und Choreografin la Risa verschmilzt in \u201cPaloma Blanca\u201d Illusion und Wirklichkeit mit der Kraft des Flamencos. Die 20 mitwirkenden Kinder und Jugendlichen blicken in ihren jungen Jahren schon auf langj\u00e4hrige Auftrittserfahrungen mit ihrer eigenst\u00e4ndigen Flamencotheatergruppe zur\u00fcck\u2026\u201d<\/em><\/p>\n<p>[\/et_pb_blurb][et_pb_blurb admin_label=\u00bbBlurb\u00bb title=\u00bbMarburgische Presse 09.08.04&#8243; url_new_window=\u00bboff\u00bb use_icon=\u00bboff\u00bb font_icon=\u00bb%%173%%\u00bb icon_color=\u00bb#fcbf00&#8243; use_circle=\u00bboff\u00bb circle_color=\u00bb#ffffff\u00bb use_circle_border=\u00bboff\u00bb circle_border_color=\u00bb#fcbf00&#8243; icon_placement=\u00bbleft\u00bb animation=\u00bbtop\u00bb background_layout=\u00bblight\u00bb text_orientation=\u00bbleft\u00bb use_icon_font_size=\u00bbon\u00bb use_border_color=\u00bboff\u00bb border_color=\u00bb#ffffff\u00bb border_style=\u00bbsolid\u00bb icon_font_size=\u00bb22&#8243; header_font_size=\u00bb20&#8243; icon_font_size_last_edited=\u00bbon|desktop\u00bb custom_css_blurb_title=\u00bbfont-weight:800;||border-style: solid;||border-color: #aeafaf;||border-left-width: 1px;||padding: 0px 0px 0px 8px;||margin-left: -10px;\u00bb header_line_height=\u00bb1.2em\u00bb body_line_height=\u00bb1.5em\u00bb body_text_color=\u00bb#666666&#8243; background_position=\u00bbtop_left\u00bb background_repeat=\u00bbrepeat\u00bb background_size=\u00bbinitial\u00bb]<\/p>\n<p><em>\u201cFlamenco auf zwei Quadratmetern Holzboden auf dem Verbundpflaster zu tanzen erfordert eine gewisse Pr\u00e4zision. Die war aber nicht das einzige, was am Tanz-Front-Paar von Casino Gitano faszinierte.Denn mit Vielseitigkeit und Showfreude \u00fcberzeugten die beiden T\u00e4nzer\u2026\u201d<\/em><\/p>\n<p>[\/et_pb_blurb][et_pb_blurb admin_label=\u00bbBlurb\u00bb title=\u00bbBerliner Morgenpost am 26.02.2004&#8243; url_new_window=\u00bboff\u00bb use_icon=\u00bboff\u00bb font_icon=\u00bb%%173%%\u00bb icon_color=\u00bb#fcbf00&#8243; use_circle=\u00bboff\u00bb circle_color=\u00bb#ffffff\u00bb use_circle_border=\u00bboff\u00bb circle_border_color=\u00bb#fcbf00&#8243; icon_placement=\u00bbleft\u00bb animation=\u00bbtop\u00bb background_layout=\u00bblight\u00bb text_orientation=\u00bbleft\u00bb use_icon_font_size=\u00bbon\u00bb use_border_color=\u00bboff\u00bb border_color=\u00bb#ffffff\u00bb border_style=\u00bbsolid\u00bb icon_font_size=\u00bb22&#8243; header_font_size=\u00bb20&#8243; icon_font_size_last_edited=\u00bbon|desktop\u00bb custom_css_blurb_title=\u00bbfont-weight:800;||border-style: solid;||border-color: #aeafaf;||border-left-width: 1px;||padding: 0px 0px 0px 8px;||margin-left: -10px;\u00bb header_line_height=\u00bb1.2em\u00bb body_line_height=\u00bb1.5em\u00bb body_text_color=\u00bb#666666&#8243; background_position=\u00bbtop_left\u00bb background_repeat=\u00bbrepeat\u00bb background_size=\u00bbinitial\u00bb]<\/p>\n<p><em>\u201c\u2026eine kaltherzige Prinzessin, die unz\u00e4hlige M\u00e4nner ins nasse Verderben gezogen hat. Laura la Risa hat aus der Legende ein andalusisches Kunstm\u00e4rchen gesponnen und es mit einer hoch emotionalen Flamenco \u2013 Choreografie in farbenpr\u00e4chtigen Kulissen zum Leben erweckt\u2026\u201d<\/em><\/p>\n<p>[\/et_pb_blurb][\/et_pb_column][\/et_pb_row][\/et_pb_section][et_pb_section bb_built=\u00bb1&#8243; admin_label=\u00bbSection\u00bb fullwidth=\u00bboff\u00bb specialty=\u00bboff\u00bb collapsed=\u00bboff\u00bb transparent_background=\u00bboff\u00bb background_color=\u00bb#ffffff\u00bb allow_player_pause=\u00bboff\u00bb inner_shadow=\u00bboff\u00bb parallax=\u00bboff\u00bb parallax_method=\u00bboff\u00bb padding_mobile=\u00bboff\u00bb make_fullwidth=\u00bboff\u00bb use_custom_width=\u00bboff\u00bb width_unit=\u00bbon\u00bb make_equal=\u00bboff\u00bb use_custom_gutter=\u00bboff\u00bb custom_padding_tablet=\u00bb50px|0|50px|0&#8243; custom_padding_last_edited=\u00bbon|desktop\u00bb][et_pb_row admin_label=\u00bbRow\u00bb make_fullwidth=\u00bboff\u00bb use_custom_width=\u00bboff\u00bb width_unit=\u00bbon\u00bb use_custom_gutter=\u00bboff\u00bb custom_padding=\u00bb3%||3%|\u00bb padding_mobile=\u00bboff\u00bb allow_player_pause=\u00bboff\u00bb parallax=\u00bboff\u00bb parallax_method=\u00bboff\u00bb make_equal=\u00bboff\u00bb parallax_1=\u00bboff\u00bb parallax_method_1=\u00bboff\u00bb parallax_2=\u00bboff\u00bb parallax_method_2=\u00bboff\u00bb column_padding_mobile=\u00bbon\u00bb custom_padding_last_edited=\u00bbon|desktop\u00bb background_position=\u00bbtop_left\u00bb background_repeat=\u00bbrepeat\u00bb background_size=\u00bbinitial\u00bb][et_pb_column type=\u00bb1_2&#8243;][et_pb_cta admin_label=\u00bbPresse in 2003&#8243; url_new_window=\u00bboff\u00bb use_background_color=\u00bboff\u00bb background_color=\u00bb#fcbf00&#8243; background_layout=\u00bbdark\u00bb text_orientation=\u00bbcenter\u00bb header_font_size_last_edited=\u00bbon|phone\u00bb use_border_color=\u00bboff\u00bb border_color=\u00bb#ffffff\u00bb border_style=\u00bbsolid\u00bb custom_button=\u00bbon\u00bb button_letter_spacing=\u00bb2&#8243; button_use_icon=\u00bbon\u00bb button_icon_placement=\u00bbright\u00bb button_on_hover=\u00bbon\u00bb button_letter_spacing_hover=\u00bb2&#8243; custom_css_promo_button=\u00bbmargin-top: 30px;\u00bb header_font_size=\u00bb38&#8243; header_font_size_phone=\u00bb28&#8243; header_font_size_tablet=\u00bb34&#8243; module_id=\u00bbtoptext\u00bb button_border_radius=\u00bb0&#8243; button_text_size_last_edited=\u00bbon|desktop\u00bb button_text_size_phone=\u00bb18&#8243; header_text_color=\u00bb#ffffff\u00bb header_line_height=\u00bb1.2em\u00bb button_text_color=\u00bb#ffffff\u00bb button_bg_color=\u00bbrgba(0,0,0,0)\u00bb button_border_color=\u00bb#ffffff\u00bb button_icon=\u00bb%%24%%\u00bb button_text_color_hover=\u00bb#ffffff\u00bb button_bg_color_hover=\u00bbrgba(255,255,255,0.2)\u00bb button_border_color_hover=\u00bbrgba(255,255,255,0)\u00bb custom_css_promo_title=\u00bbfont-weight: 800;\u00bb body_line_height=\u00bb1.5em\u00bb button_font=\u00bbOswald|||on|\u00bb button_border_radius_hover=\u00bb0&#8243; custom_css_main_element=\u00bbposition: relative; z-index: 10;\u00bb background_position=\u00bbtop_left\u00bb background_repeat=\u00bbrepeat\u00bb background_size=\u00bbinitial\u00bb]<\/p>\n<h2>Prensa en\u00a0<span style=\"color: #be1818;\">2003<\/span><\/h2>\n<p>[\/et_pb_cta][\/et_pb_column][et_pb_column type=\u00bb1_2&#8243;][\/et_pb_column][\/et_pb_row][et_pb_row admin_label=\u00bbRow\u00bb make_fullwidth=\u00bboff\u00bb use_custom_width=\u00bboff\u00bb width_unit=\u00bbon\u00bb use_custom_gutter=\u00bboff\u00bb padding_mobile=\u00bboff\u00bb allow_player_pause=\u00bboff\u00bb parallax=\u00bboff\u00bb parallax_method=\u00bboff\u00bb make_equal=\u00bboff\u00bb parallax_1=\u00bboff\u00bb parallax_method_1=\u00bboff\u00bb parallax_2=\u00bboff\u00bb parallax_method_2=\u00bboff\u00bb parallax_3=\u00bboff\u00bb parallax_method_3=\u00bboff\u00bb column_padding_mobile=\u00bbon\u00bb background_position=\u00bbtop_left\u00bb background_repeat=\u00bbrepeat\u00bb background_size=\u00bbinitial\u00bb][et_pb_column type=\u00bb1_2&#8243;][et_pb_blurb admin_label=\u00bbBlurb\u00bb title=\u00bbBZ am 15.11.2003&#8243; url_new_window=\u00bboff\u00bb use_icon=\u00bboff\u00bb font_icon=\u00bb%%173%%\u00bb icon_color=\u00bb#fcbf00&#8243; use_circle=\u00bboff\u00bb circle_color=\u00bb#ffffff\u00bb use_circle_border=\u00bboff\u00bb circle_border_color=\u00bb#fcbf00&#8243; icon_placement=\u00bbleft\u00bb animation=\u00bbtop\u00bb background_layout=\u00bblight\u00bb text_orientation=\u00bbleft\u00bb use_icon_font_size=\u00bbon\u00bb use_border_color=\u00bboff\u00bb border_color=\u00bb#ffffff\u00bb border_style=\u00bbsolid\u00bb icon_font_size=\u00bb22&#8243; header_font_size=\u00bb20&#8243; icon_font_size_last_edited=\u00bbon|desktop\u00bb custom_css_blurb_title=\u00bbfont-weight:800;||border-style: solid;||border-color: #aeafaf;||border-left-width: 1px;||padding: 0px 0px 0px 8px;||margin-left: -10px;\u00bb header_line_height=\u00bb1.2em\u00bb body_line_height=\u00bb1.5em\u00bb body_text_color=\u00bb#666666&#8243; background_position=\u00bbtop_left\u00bb background_repeat=\u00bbrepeat\u00bb background_size=\u00bbinitial\u00bb]<\/p>\n<p><em>\u201c\u2026tragigkomische Tanztheatercollage von Laura la Risa. Als spanische Sekret\u00e4rin rettet sie sich aus ihrem mausgrauen Dasein in die Welt der T\u00e4nze\u2026\u201d<\/em><\/p>\n<p>[\/et_pb_blurb][\/et_pb_column][et_pb_column type=\u00bb1_2&#8243;][et_pb_blurb admin_label=\u00bbBlurb\u00bb title=\u00bbDie Welt 14.08.2003&#8243; url_new_window=\u00bboff\u00bb use_icon=\u00bboff\u00bb font_icon=\u00bb%%173%%\u00bb icon_color=\u00bb#fcbf00&#8243; use_circle=\u00bboff\u00bb circle_color=\u00bb#ffffff\u00bb use_circle_border=\u00bboff\u00bb circle_border_color=\u00bb#fcbf00&#8243; icon_placement=\u00bbleft\u00bb animation=\u00bbtop\u00bb background_layout=\u00bblight\u00bb text_orientation=\u00bbleft\u00bb use_icon_font_size=\u00bbon\u00bb use_border_color=\u00bboff\u00bb border_color=\u00bb#ffffff\u00bb border_style=\u00bbsolid\u00bb icon_font_size=\u00bb22&#8243; header_font_size=\u00bb20&#8243; icon_font_size_last_edited=\u00bbon|desktop\u00bb custom_css_blurb_title=\u00bbfont-weight:800;||border-style: solid;||border-color: #aeafaf;||border-left-width: 1px;||padding: 0px 0px 0px 8px;||margin-left: -10px;\u00bb header_line_height=\u00bb1.2em\u00bb body_line_height=\u00bb1.5em\u00bb body_text_color=\u00bb#666666&#8243; background_position=\u00bbtop_left\u00bb background_repeat=\u00bbrepeat\u00bb background_size=\u00bbinitial\u00bb]<\/p>\n<address><em>\u201c\u2026Freundlichkeit ist auch der Grundton ihres neuen Kindertanzst\u00fccks, das sie am Sonntag um 15.00 Uhr mit dem Gitarristen Carlos \u201cel Canario\u201d und mit 20 ihrer kleinen Sch\u00fclerinnen beim Flamencofestival im Pfefferberg auff\u00fchrt,\u2026\u2026\u2026. \u2013der Titel beschreibt unseren Planeten Erde \u2013 l\u00e4sst sich eine kindliche \u201cMondprinzessin\u201d sehnsuchtsvolle Geschichten erz\u00e4hlen von einer geheimnisvollen \u201cRegenbogenfrau\u201d, die von la Risa selbst verk\u00f6rpert wird\u2026<\/em><\/address>\n<p>[\/et_pb_blurb][\/et_pb_column][\/et_pb_row][\/et_pb_section][et_pb_section bb_built=\u00bb1&#8243; admin_label=\u00bbSection\u00bb fullwidth=\u00bboff\u00bb specialty=\u00bboff\u00bb collapsed=\u00bboff\u00bb transparent_background=\u00bboff\u00bb background_color=\u00bb#ffffff\u00bb allow_player_pause=\u00bboff\u00bb inner_shadow=\u00bboff\u00bb parallax=\u00bboff\u00bb parallax_method=\u00bboff\u00bb padding_mobile=\u00bboff\u00bb make_fullwidth=\u00bboff\u00bb use_custom_width=\u00bboff\u00bb width_unit=\u00bbon\u00bb make_equal=\u00bboff\u00bb use_custom_gutter=\u00bboff\u00bb custom_padding_tablet=\u00bb50px|0|50px|0&#8243; custom_padding_last_edited=\u00bbon|desktop\u00bb][et_pb_row admin_label=\u00bbRow\u00bb make_fullwidth=\u00bboff\u00bb use_custom_width=\u00bboff\u00bb width_unit=\u00bbon\u00bb use_custom_gutter=\u00bboff\u00bb custom_padding=\u00bb3%||3%|\u00bb padding_mobile=\u00bboff\u00bb allow_player_pause=\u00bboff\u00bb parallax=\u00bboff\u00bb parallax_method=\u00bboff\u00bb make_equal=\u00bboff\u00bb parallax_1=\u00bboff\u00bb parallax_method_1=\u00bboff\u00bb parallax_2=\u00bboff\u00bb parallax_method_2=\u00bboff\u00bb column_padding_mobile=\u00bbon\u00bb custom_padding_last_edited=\u00bbon|desktop\u00bb background_position=\u00bbtop_left\u00bb background_repeat=\u00bbrepeat\u00bb background_size=\u00bbinitial\u00bb][et_pb_column type=\u00bb1_2&#8243;][et_pb_cta admin_label=\u00bbPresse in 2001&#8243; url_new_window=\u00bboff\u00bb use_background_color=\u00bboff\u00bb background_color=\u00bb#fcbf00&#8243; background_layout=\u00bbdark\u00bb text_orientation=\u00bbcenter\u00bb header_font_size_last_edited=\u00bbon|phone\u00bb use_border_color=\u00bboff\u00bb border_color=\u00bb#ffffff\u00bb border_style=\u00bbsolid\u00bb custom_button=\u00bbon\u00bb button_letter_spacing=\u00bb2&#8243; button_use_icon=\u00bbon\u00bb button_icon_placement=\u00bbright\u00bb button_on_hover=\u00bbon\u00bb button_letter_spacing_hover=\u00bb2&#8243; custom_css_promo_button=\u00bbmargin-top: 30px;\u00bb header_font_size=\u00bb38&#8243; header_font_size_phone=\u00bb28&#8243; header_font_size_tablet=\u00bb34&#8243; module_id=\u00bbtoptext\u00bb button_border_radius=\u00bb0&#8243; button_text_size_last_edited=\u00bbon|desktop\u00bb button_text_size_phone=\u00bb18&#8243; header_text_color=\u00bb#ffffff\u00bb header_line_height=\u00bb1.2em\u00bb button_text_color=\u00bb#ffffff\u00bb button_bg_color=\u00bbrgba(0,0,0,0)\u00bb button_border_color=\u00bb#ffffff\u00bb button_icon=\u00bb%%24%%\u00bb button_text_color_hover=\u00bb#ffffff\u00bb button_bg_color_hover=\u00bbrgba(255,255,255,0.2)\u00bb button_border_color_hover=\u00bbrgba(255,255,255,0)\u00bb custom_css_promo_title=\u00bbfont-weight: 800;\u00bb body_line_height=\u00bb1.5em\u00bb button_font=\u00bbOswald|||on|\u00bb button_border_radius_hover=\u00bb0&#8243; custom_css_main_element=\u00bbposition: relative; z-index: 10;\u00bb background_position=\u00bbtop_left\u00bb background_repeat=\u00bbrepeat\u00bb background_size=\u00bbinitial\u00bb]<\/p>\n<h2>Prensa en\u00a0<span style=\"color: #be1818;\">2001<\/span><\/h2>\n<p>[\/et_pb_cta][\/et_pb_column][et_pb_column type=\u00bb1_2&#8243;][\/et_pb_column][\/et_pb_row][et_pb_row admin_label=\u00bbRow\u00bb make_fullwidth=\u00bboff\u00bb use_custom_width=\u00bboff\u00bb width_unit=\u00bbon\u00bb use_custom_gutter=\u00bboff\u00bb padding_mobile=\u00bboff\u00bb allow_player_pause=\u00bboff\u00bb parallax=\u00bboff\u00bb parallax_method=\u00bboff\u00bb make_equal=\u00bboff\u00bb parallax_1=\u00bboff\u00bb parallax_method_1=\u00bboff\u00bb parallax_2=\u00bboff\u00bb parallax_method_2=\u00bboff\u00bb parallax_3=\u00bboff\u00bb parallax_method_3=\u00bboff\u00bb column_padding_mobile=\u00bbon\u00bb background_position=\u00bbtop_left\u00bb background_repeat=\u00bbrepeat\u00bb background_size=\u00bbinitial\u00bb][et_pb_column type=\u00bb1_2&#8243;][et_pb_blurb admin_label=\u00bbBlurb\u00bb title=\u00bbBerliner Abendblatt 02.01.2001&#8243; url_new_window=\u00bboff\u00bb use_icon=\u00bboff\u00bb font_icon=\u00bb%%173%%\u00bb icon_color=\u00bb#fcbf00&#8243; use_circle=\u00bboff\u00bb circle_color=\u00bb#ffffff\u00bb use_circle_border=\u00bboff\u00bb circle_border_color=\u00bb#fcbf00&#8243; icon_placement=\u00bbleft\u00bb animation=\u00bbtop\u00bb background_layout=\u00bblight\u00bb text_orientation=\u00bbleft\u00bb use_icon_font_size=\u00bbon\u00bb use_border_color=\u00bboff\u00bb border_color=\u00bb#ffffff\u00bb border_style=\u00bbsolid\u00bb icon_font_size=\u00bb22&#8243; header_font_size=\u00bb20&#8243; icon_font_size_last_edited=\u00bbon|desktop\u00bb custom_css_blurb_title=\u00bbfont-weight:800;||border-style: solid;||border-color: #aeafaf;||border-left-width: 1px;||padding: 0px 0px 0px 8px;||margin-left: -10px;\u00bb header_line_height=\u00bb1.2em\u00bb body_line_height=\u00bb1.5em\u00bb body_text_color=\u00bb#666666&#8243; background_position=\u00bbtop_left\u00bb background_repeat=\u00bbrepeat\u00bb background_size=\u00bbinitial\u00bb]<\/p>\n<address><em>\u201c\u2026 mit ihrem Solo-Auftritt brachte Laura la Risa den Flamenco-Abend im Statthaus B\u00f6cklerpark zum H\u00f6hepunkt. Jeder Schritt, jede Drehung, jeder Sprung, die Bewegung der H\u00e4nde bis hin zur Mimik schienen hier den Grad der Vollendung zu erreichen. Alles passte zusammen und harmonisierte vollkommen miteinander. Es schien, als h\u00e4tten die F\u00fc\u00dfe mit ihrem Rhythmus den K\u00f6rper, bis hin zu den im Scheinwerferlicht blitzenden dunklen Augen, zu einem Feuer entfacht, dessen Anziehungskraft sich niemand entziehen kann und an diesem Abend auch sicherlich niemand konnte \u2026\u201d<\/em><\/address>\n<p>[\/et_pb_blurb][\/et_pb_column][et_pb_column type=\u00bb1_2&#8243;][\/et_pb_column][\/et_pb_row][\/et_pb_section][et_pb_section bb_built=\u00bb1&#8243; fullwidth=\u00bboff\u00bb specialty=\u00bboff\u00bb][et_pb_row admin_label=\u00bbRow\u00bb make_fullwidth=\u00bboff\u00bb use_custom_width=\u00bboff\u00bb width_unit=\u00bbon\u00bb use_custom_gutter=\u00bboff\u00bb custom_padding=\u00bb3%||3%|\u00bb padding_mobile=\u00bboff\u00bb allow_player_pause=\u00bboff\u00bb parallax=\u00bboff\u00bb parallax_method=\u00bboff\u00bb make_equal=\u00bboff\u00bb parallax_1=\u00bboff\u00bb parallax_method_1=\u00bboff\u00bb parallax_2=\u00bboff\u00bb parallax_method_2=\u00bboff\u00bb column_padding_mobile=\u00bbon\u00bb custom_padding_last_edited=\u00bbon|desktop\u00bb background_position=\u00bbtop_left\u00bb background_repeat=\u00bbrepeat\u00bb background_size=\u00bbinitial\u00bb][et_pb_column type=\u00bb1_2&#8243;][et_pb_cta admin_label=\u00bbPresse in 2000&#8243; url_new_window=\u00bboff\u00bb use_background_color=\u00bboff\u00bb background_color=\u00bb#fcbf00&#8243; background_layout=\u00bbdark\u00bb text_orientation=\u00bbcenter\u00bb header_font_size_last_edited=\u00bbon|phone\u00bb use_border_color=\u00bboff\u00bb border_color=\u00bb#ffffff\u00bb border_style=\u00bbsolid\u00bb custom_button=\u00bbon\u00bb button_letter_spacing=\u00bb2&#8243; button_use_icon=\u00bbon\u00bb button_icon_placement=\u00bbright\u00bb button_on_hover=\u00bbon\u00bb button_letter_spacing_hover=\u00bb2&#8243; custom_css_promo_button=\u00bbmargin-top: 30px;\u00bb header_font_size=\u00bb38&#8243; header_font_size_phone=\u00bb28&#8243; header_font_size_tablet=\u00bb34&#8243; module_id=\u00bbtoptext\u00bb button_border_radius=\u00bb0&#8243; button_text_size_last_edited=\u00bbon|desktop\u00bb button_text_size_phone=\u00bb18&#8243; header_text_color=\u00bb#ffffff\u00bb header_line_height=\u00bb1.2em\u00bb button_text_color=\u00bb#ffffff\u00bb button_bg_color=\u00bbrgba(0,0,0,0)\u00bb button_border_color=\u00bb#ffffff\u00bb button_icon=\u00bb%%24%%\u00bb button_text_color_hover=\u00bb#ffffff\u00bb button_bg_color_hover=\u00bbrgba(255,255,255,0.2)\u00bb button_border_color_hover=\u00bbrgba(255,255,255,0)\u00bb custom_css_promo_title=\u00bbfont-weight: 800;\u00bb body_line_height=\u00bb1.5em\u00bb button_font=\u00bbOswald|||on|\u00bb button_border_radius_hover=\u00bb0&#8243; custom_css_main_element=\u00bbposition: relative; z-index: 10;\u00bb background_position=\u00bbtop_left\u00bb background_repeat=\u00bbrepeat\u00bb background_size=\u00bbinitial\u00bb]<\/p>\n<h2>Prensa en\u00a0<span style=\"color: #be1818;\">2000<\/span><\/h2>\n<p>[\/et_pb_cta][\/et_pb_column][et_pb_column type=\u00bb1_2&#8243;][\/et_pb_column][\/et_pb_row][et_pb_row admin_label=\u00bbRow\u00bb make_fullwidth=\u00bboff\u00bb use_custom_width=\u00bboff\u00bb width_unit=\u00bbon\u00bb use_custom_gutter=\u00bboff\u00bb padding_mobile=\u00bboff\u00bb allow_player_pause=\u00bboff\u00bb parallax=\u00bboff\u00bb parallax_method=\u00bboff\u00bb make_equal=\u00bboff\u00bb parallax_1=\u00bboff\u00bb parallax_method_1=\u00bboff\u00bb parallax_2=\u00bboff\u00bb parallax_method_2=\u00bboff\u00bb parallax_3=\u00bboff\u00bb parallax_method_3=\u00bboff\u00bb column_padding_mobile=\u00bbon\u00bb background_position=\u00bbtop_left\u00bb background_repeat=\u00bbrepeat\u00bb background_size=\u00bbinitial\u00bb][et_pb_column type=\u00bb1_2&#8243;][et_pb_blurb admin_label=\u00bbBlurb\u00bb title=\u00bbpolnische Tageszeitung Breslau\u00bb url_new_window=\u00bboff\u00bb use_icon=\u00bboff\u00bb font_icon=\u00bb%%173%%\u00bb icon_color=\u00bb#fcbf00&#8243; use_circle=\u00bboff\u00bb circle_color=\u00bb#ffffff\u00bb use_circle_border=\u00bboff\u00bb circle_border_color=\u00bb#fcbf00&#8243; icon_placement=\u00bbleft\u00bb animation=\u00bbtop\u00bb background_layout=\u00bblight\u00bb text_orientation=\u00bbleft\u00bb use_icon_font_size=\u00bbon\u00bb use_border_color=\u00bboff\u00bb border_color=\u00bb#ffffff\u00bb border_style=\u00bbsolid\u00bb icon_font_size=\u00bb22&#8243; header_font_size=\u00bb20&#8243; icon_font_size_last_edited=\u00bbon|desktop\u00bb custom_css_blurb_title=\u00bbfont-weight:800;||border-style: solid;||border-color: #aeafaf;||border-left-width: 1px;||padding: 0px 0px 0px 8px;||margin-left: -10px;\u00bb header_line_height=\u00bb1.2em\u00bb body_line_height=\u00bb1.5em\u00bb body_text_color=\u00bb#666666&#8243; background_position=\u00bbtop_left\u00bb background_repeat=\u00bbrepeat\u00bb background_size=\u00bbinitial\u00bb]<\/p>\n<p><img data-recalc-dims=\"1\" loading=\"lazy\" decoding=\"async\" class=\"alignnone size-medium wp-image-29581\" src=\"https:\/\/i0.wp.com\/laura-la-risa.de.w01c716b.kasserver.com\/wp-content\/uploads\/2016\/09\/macho-y-pies-300x262.jpg?resize=300%2C262\" alt=\"macho-y-pies\" width=\"300\" height=\"262\" srcset=\"https:\/\/i0.wp.com\/laura-la-risa.de\/wp-content\/uploads\/2016\/09\/macho-y-pies.jpg?resize=300%2C262&amp;ssl=1 300w, https:\/\/i0.wp.com\/laura-la-risa.de\/wp-content\/uploads\/2016\/09\/macho-y-pies.jpg?resize=768%2C671&amp;ssl=1 768w, https:\/\/i0.wp.com\/laura-la-risa.de\/wp-content\/uploads\/2016\/09\/macho-y-pies.jpg?resize=1024%2C894&amp;ssl=1 1024w, https:\/\/i0.wp.com\/laura-la-risa.de\/wp-content\/uploads\/2016\/09\/macho-y-pies.jpg?resize=1080%2C943&amp;ssl=1 1080w, https:\/\/i0.wp.com\/laura-la-risa.de\/wp-content\/uploads\/2016\/09\/macho-y-pies.jpg?w=1280&amp;ssl=1 1280w\" sizes=\"(max-width: 300px) 100vw, 300px\" \/><\/p>\n<p>[\/et_pb_blurb][\/et_pb_column][et_pb_column type=\u00bb1_2&#8243;][\/et_pb_column][\/et_pb_row][\/et_pb_section][et_pb_section bb_built=\u00bb1&#8243; admin_label=\u00bbSection\u00bb fullwidth=\u00bboff\u00bb specialty=\u00bboff\u00bb collapsed=\u00bboff\u00bb transparent_background=\u00bboff\u00bb background_color=\u00bb#ffffff\u00bb allow_player_pause=\u00bboff\u00bb inner_shadow=\u00bboff\u00bb parallax=\u00bboff\u00bb parallax_method=\u00bboff\u00bb padding_mobile=\u00bboff\u00bb make_fullwidth=\u00bboff\u00bb use_custom_width=\u00bboff\u00bb width_unit=\u00bbon\u00bb make_equal=\u00bboff\u00bb use_custom_gutter=\u00bboff\u00bb custom_padding_tablet=\u00bb50px|0|50px|0&#8243; custom_padding_last_edited=\u00bbon|desktop\u00bb][et_pb_row admin_label=\u00bbRow\u00bb make_fullwidth=\u00bboff\u00bb use_custom_width=\u00bboff\u00bb width_unit=\u00bbon\u00bb use_custom_gutter=\u00bboff\u00bb custom_padding=\u00bb3%||3%|\u00bb padding_mobile=\u00bboff\u00bb allow_player_pause=\u00bboff\u00bb parallax=\u00bboff\u00bb parallax_method=\u00bboff\u00bb make_equal=\u00bboff\u00bb parallax_1=\u00bboff\u00bb parallax_method_1=\u00bboff\u00bb parallax_2=\u00bboff\u00bb parallax_method_2=\u00bboff\u00bb column_padding_mobile=\u00bbon\u00bb custom_padding_last_edited=\u00bbon|desktop\u00bb background_position=\u00bbtop_left\u00bb background_repeat=\u00bbrepeat\u00bb background_size=\u00bbinitial\u00bb][et_pb_column type=\u00bb1_2&#8243;][et_pb_cta admin_label=\u00bbPresse in 1999&#8243; url_new_window=\u00bboff\u00bb use_background_color=\u00bboff\u00bb background_color=\u00bb#fcbf00&#8243; background_layout=\u00bbdark\u00bb text_orientation=\u00bbcenter\u00bb header_font_size_last_edited=\u00bbon|phone\u00bb use_border_color=\u00bboff\u00bb border_color=\u00bb#ffffff\u00bb border_style=\u00bbsolid\u00bb custom_button=\u00bbon\u00bb button_letter_spacing=\u00bb2&#8243; button_use_icon=\u00bbon\u00bb button_icon_placement=\u00bbright\u00bb button_on_hover=\u00bbon\u00bb button_letter_spacing_hover=\u00bb2&#8243; custom_css_promo_button=\u00bbmargin-top: 30px;\u00bb header_font_size=\u00bb38&#8243; header_font_size_phone=\u00bb28&#8243; header_font_size_tablet=\u00bb34&#8243; module_id=\u00bbtoptext\u00bb button_border_radius=\u00bb0&#8243; button_text_size_last_edited=\u00bbon|desktop\u00bb button_text_size_phone=\u00bb18&#8243; header_text_color=\u00bb#ffffff\u00bb header_line_height=\u00bb1.2em\u00bb button_text_color=\u00bb#ffffff\u00bb button_bg_color=\u00bbrgba(0,0,0,0)\u00bb button_border_color=\u00bb#ffffff\u00bb button_icon=\u00bb%%24%%\u00bb button_text_color_hover=\u00bb#ffffff\u00bb button_bg_color_hover=\u00bbrgba(255,255,255,0.2)\u00bb button_border_color_hover=\u00bbrgba(255,255,255,0)\u00bb custom_css_promo_title=\u00bbfont-weight: 800;\u00bb body_line_height=\u00bb1.5em\u00bb button_font=\u00bbOswald|||on|\u00bb button_border_radius_hover=\u00bb0&#8243; custom_css_main_element=\u00bbposition: relative; z-index: 10;\u00bb background_position=\u00bbtop_left\u00bb background_repeat=\u00bbrepeat\u00bb background_size=\u00bbinitial\u00bb]<\/p>\n<h2>Prensa en <span style=\"color: #be1818;\">1999<\/span><\/h2>\n<p>[\/et_pb_cta][\/et_pb_column][et_pb_column type=\u00bb1_2&#8243;][\/et_pb_column][\/et_pb_row][et_pb_row admin_label=\u00bbRow\u00bb make_fullwidth=\u00bboff\u00bb use_custom_width=\u00bboff\u00bb width_unit=\u00bbon\u00bb use_custom_gutter=\u00bboff\u00bb padding_mobile=\u00bboff\u00bb allow_player_pause=\u00bboff\u00bb parallax=\u00bboff\u00bb parallax_method=\u00bboff\u00bb make_equal=\u00bboff\u00bb parallax_1=\u00bboff\u00bb parallax_method_1=\u00bboff\u00bb parallax_2=\u00bboff\u00bb parallax_method_2=\u00bboff\u00bb parallax_3=\u00bboff\u00bb parallax_method_3=\u00bboff\u00bb column_padding_mobile=\u00bbon\u00bb background_position=\u00bbtop_left\u00bb background_repeat=\u00bbrepeat\u00bb background_size=\u00bbinitial\u00bb][et_pb_column type=\u00bb1_2&#8243;][et_pb_blurb admin_label=\u00bbBlurb\u00bb title=\u00bbDie Welt, 08.02.1999&#8243; url_new_window=\u00bboff\u00bb use_icon=\u00bboff\u00bb font_icon=\u00bb%%173%%\u00bb icon_color=\u00bb#fcbf00&#8243; use_circle=\u00bboff\u00bb circle_color=\u00bb#ffffff\u00bb use_circle_border=\u00bboff\u00bb circle_border_color=\u00bb#fcbf00&#8243; icon_placement=\u00bbleft\u00bb animation=\u00bbtop\u00bb background_layout=\u00bblight\u00bb text_orientation=\u00bbleft\u00bb use_icon_font_size=\u00bbon\u00bb use_border_color=\u00bboff\u00bb border_color=\u00bb#ffffff\u00bb border_style=\u00bbsolid\u00bb icon_font_size=\u00bb22&#8243; header_font_size=\u00bb20&#8243; icon_font_size_last_edited=\u00bbon|desktop\u00bb custom_css_blurb_title=\u00bbfont-weight:800;||border-style: solid;||border-color: #aeafaf;||border-left-width: 1px;||padding: 0px 0px 0px 8px;||margin-left: -10px;\u00bb header_line_height=\u00bb1.2em\u00bb body_line_height=\u00bb1.5em\u00bb body_text_color=\u00bb#666666&#8243; background_position=\u00bbtop_left\u00bb background_repeat=\u00bbrepeat\u00bb background_size=\u00bbinitial\u00bb]<\/p>\n<address><em>\u201cRausch und Verfall\u201d<\/em><br \/>\n<em>\u201c\u2026Die Inszenierung \u00fcber die legend\u00e4re Anita Berber, die im Berlin der Zwanziger mit ihren Ausdrucks-, Grotesk- und Nacktt\u00e4nzen schillerte und schockierte, wurde im Statthaus B\u00f6cklerpark uraufgef\u00fchrt.<\/em><br \/>\n<em>In die Rolle der faszinierenden Rothaarigen Provokateurin schl\u00fcpfte La Risa selbst, musikalisch ausgezeichnet begleitet von Carlos el Canarios achtk\u00f6pfiger Kapelle und der exzellenten S\u00e4ngerin Inez Otto\u2026\u201d<\/em><\/address>\n<p>[\/et_pb_blurb][\/et_pb_column][et_pb_column type=\u00bb1_2&#8243;][et_pb_blurb admin_label=\u00bbBlurb\u00bb title=\u00bbZitty, Berliner Stadtmagazin Nr.25\/97 (1999)\u00bb url_new_window=\u00bboff\u00bb use_icon=\u00bboff\u00bb font_icon=\u00bb%%173%%\u00bb icon_color=\u00bb#fcbf00&#8243; use_circle=\u00bboff\u00bb circle_color=\u00bb#ffffff\u00bb use_circle_border=\u00bboff\u00bb circle_border_color=\u00bb#fcbf00&#8243; icon_placement=\u00bbleft\u00bb animation=\u00bbtop\u00bb background_layout=\u00bblight\u00bb text_orientation=\u00bbleft\u00bb use_icon_font_size=\u00bbon\u00bb use_border_color=\u00bboff\u00bb border_color=\u00bb#ffffff\u00bb border_style=\u00bbsolid\u00bb icon_font_size=\u00bb22&#8243; header_font_size=\u00bb20&#8243; icon_font_size_last_edited=\u00bbon|desktop\u00bb custom_css_blurb_title=\u00bbfont-weight:800;||border-style: solid;||border-color: #aeafaf;||border-left-width: 1px;||padding: 0px 0px 0px 8px;||margin-left: -10px;\u00bb header_line_height=\u00bb1.2em\u00bb body_line_height=\u00bb1.5em\u00bb body_text_color=\u00bb#666666&#8243; background_position=\u00bbtop_left\u00bb background_repeat=\u00bbrepeat\u00bb background_size=\u00bbinitial\u00bb]<\/p>\n<p><em>\u201cTuya para siempre\u201d<\/em><br \/>\n<em>\u201c\u2026Laura la Risa verspricht zu den leidenschaftlichen Rhythmen auch noch ewiges: \u201cTuya para siempre\u201d \u2013 f\u00fcr immer Dein. Getanzte Liebesschw\u00fcre auf spanisch\u201d<\/em><\/p>\n<p>[\/et_pb_blurb][\/et_pb_column][\/et_pb_row][\/et_pb_section][et_pb_section bb_built=\u00bb1&#8243; admin_label=\u00bbSection\u00bb fullwidth=\u00bboff\u00bb specialty=\u00bbon\u00bb background_color=\u00bb#300000&#8243; parallax_method=\u00bboff\u00bb parallax_method_1=\u00bboff\u00bb parallax_method_2=\u00bboff\u00bb collapsed=\u00bboff\u00bb _builder_version=\u00bb3.0.93&#8243; background_repeat_1=\u00bbno-repeat\u00bb background_repeat_2=\u00bbno-repeat\u00bb custom_padding_tablet=\u00bb50px|0|50px|0&#8243; custom_padding_last_edited=\u00bbon|desktop\u00bb][et_pb_column type=\u00bb1_3&#8243;][et_pb_text admin_label=\u00bbFollow Text\u00bb background_layout=\u00bbdark\u00bb text_orientation=\u00bbleft\u00bb use_border_color=\u00bboff\u00bb border_color=\u00bb#ffffff\u00bb border_style=\u00bbsolid\u00bb text_font_size=\u00bb16&#8243; text_letter_spacing=\u00bb2px\u00bb text_text_color=\u00bb#ffffff\u00bb text_font=\u00bbOswald|||on|\u00bb background_position=\u00bbtop_left\u00bb background_repeat=\u00bbrepeat\u00bb background_size=\u00bbinitial\u00bb _builder_version=\u00bb3.0.93&#8243;]<\/p>\n<p>Sigueme<\/p>\n<p>[\/et_pb_text][et_pb_social_media_follow admin_label=\u00bbSocial Media Follow\u00bb link_shape=\u00bbcircle\u00bb background_layout=\u00bbdark\u00bb url_new_window=\u00bbon\u00bb follow_button=\u00bboff\u00bb module_id=\u00bbtoptext\u00bb custom_css_main_element=\u00bbmargin: 1% auto;\u00bb border_radii=\u00bbon|100%|100%|100%|100%\u00bb _builder_version=\u00bb3.0.93&#8243;][et_pb_social_media_follow_network social_network=\u00bbfacebook\u00bb url=\u00bbhttps:\/\/www.facebook.com\/Laura.la.Risa.Flamencotanz\u00bb skype_action=\u00bbcall\u00bb bg_color=\u00bb#3b5998&#8243;]facebook[\/et_pb_social_media_follow_network][et_pb_social_media_follow_network social_network=\u00bbtwitter\u00bb url=\u00bbhttps:\/\/twitter.com\/flamencoberlin\u00bb skype_action=\u00bbcall\u00bb bg_color=\u00bb#00aced\u00bb]Twitter[\/et_pb_social_media_follow_network][et_pb_social_media_follow_network social_network=\u00bbgoogle-plus\u00bb url=\u00bbhttps:\/\/plus.google.com\/u\/0\/104997567790473071284&#8243; skype_action=\u00bbcall\u00bb bg_color=\u00bb#dd4b39&#8243;]Google+[\/et_pb_social_media_follow_network][et_pb_social_media_follow_network social_network=\u00bbyoutube\u00bb url=\u00bbhttps:\/\/www.youtube.com\/channel\/UCOJ3OOlyHZxiv_fC-rwP9Ag\u00bb skype_action=\u00bbcall\u00bb bg_color=\u00bb#a82400&#8243;]Youtube[\/et_pb_social_media_follow_network][et_pb_social_media_follow_network social_network=\u00bbflikr\u00bb url=\u00bbhttps:\/\/www.flickr.com\/photos\/lauralarisa\/\u00bb skype_action=\u00bbcall\u00bb bg_color=\u00bb#ff0084&#8243;]flikr[\/et_pb_social_media_follow_network][\/et_pb_social_media_follow][et_pb_text _builder_version=\u00bb3.0.93&#8243; background_layout=\u00bblight\u00bb]<\/p>\n<p style=\"text-align: left;\">Laura la Risa\u00a0\u00a9 2018<br \/>\n<a href=\"\/?page_id=28917\">Impressum<\/a><br \/>\n<a href=\"\/?page_id=30084\">Datenschutzerkl\u00e4rung<\/a><\/p>\n<p>[\/et_pb_text][\/et_pb_column][et_pb_column type=\u00bb2_3&#8243; specialty_columns=\u00bb2&#8243;][et_pb_row_inner admin_label=\u00bbRow\u00bb custom_padding=\u00bb||0px|\u00bb custom_padding_last_edited=\u00bbon|desktop\u00bb column_padding_mobile=\u00bbon\u00bb parallax_method_1=\u00bboff\u00bb custom_padding_tablet=\u00bb||10px|\u00bb _builder_version=\u00bb3.0.70&#8243; background_repeat_1=\u00bbno-repeat\u00bb disabled=\u00bboff\u00bb disabled_on=\u00bbon||\u00bb][et_pb_column_inner type=\u00bb4_4&#8243; saved_specialty_column_type=\u00bb2_3&#8243;][et_pb_text background_layout=\u00bbdark\u00bb text_orientation=\u00bbleft\u00bb border_style=\u00bbsolid\u00bb text_font_size=\u00bb16&#8243; text_letter_spacing=\u00bb2px\u00bb text_text_color=\u00bb#ffffff\u00bb text_font=\u00bbOswald|||on|\u00bb _builder_version=\u00bb3.0.70&#8243;]<\/p>\n<p><span style=\"color: #ffffff;\"><a style=\"color: #ffffff;\" href=\"http:\/\/laura-la-risa.de.w01c716b.kasserver.com\/es\/news\">Noticias<\/a> \u00a0 \u00a0 <a style=\"color: #ffffff;\" href=\"http:\/\/laura-la-risa.de.w01c716b.kasserver.com\/es\/buchen\">Contacto<\/a>\u00a0 \u00a0 \u00a0<a style=\"color: #ffffff;\" href=\"http:\/\/laura-la-risa.de.w01c716b.kasserver.com\/es\/auftritte\">Espect\u00e1culos<\/a>\u00a0 \u00a0 \u00a0<a style=\"color: #ffffff;\" href=\"http:\/\/laura-la-risa.de.w01c716b.kasserver.com\/es\/unterricht\">Clases<\/a>\u00a0 \u00a0 \u00a0<a style=\"color: #ffffff;\" href=\"http:\/\/laura-la-risa.de.w01c716b.kasserver.com\/es\/galerie\">Galer\u00eda<\/a> \u00a0 \u00a0 <a style=\"color: #ffffff;\" href=\"http:\/\/laura-la-risa.de.w01c716b.kasserver.com\/es\/pressearchiv\">Prensa<\/a><\/span><\/p>\n<p>[\/et_pb_text][\/et_pb_column_inner][\/et_pb_row_inner][et_pb_row_inner admin_label=\u00bbRow\u00bb padding_mobile=\u00bboff\u00bb column_padding_mobile=\u00bbon\u00bb parallax_method_1=\u00bboff\u00bb parallax_method_2=\u00bboff\u00bb _builder_version=\u00bb3.0.70&#8243; background_repeat_1=\u00bbno-repeat\u00bb background_repeat_2=\u00bbno-repeat\u00bb disabled=\u00bboff\u00bb disabled_on=\u00bbon||\u00bb][et_pb_column_inner type=\u00bb1_2&#8243; saved_specialty_column_type=\u00bb2_3&#8243;][et_pb_blurb admin_label=\u00bbBlurb\u00bb url=\u00bbhttps:\/\/goo.gl\/maps\/1qJvo9ZQF2M2&#8243; url_new_window=\u00bboff\u00bb use_icon=\u00bbon\u00bb font_icon=\u00bb%%122%%\u00bb icon_color=\u00bb#be1818&#8243; use_circle=\u00bboff\u00bb circle_color=\u00bb#fcbf00&#8243; use_circle_border=\u00bboff\u00bb circle_border_color=\u00bb#fcbf00&#8243; icon_placement=\u00bbleft\u00bb animation=\u00bbtop\u00bb background_layout=\u00bbdark\u00bb text_orientation=\u00bbleft\u00bb use_icon_font_size=\u00bbon\u00bb icon_font_size=\u00bb18&#8243; use_border_color=\u00bboff\u00bb border_color=\u00bb#ffffff\u00bb border_style=\u00bbsolid\u00bb body_text_color=\u00bb#ffffff\u00bb body_line_height=\u00bb1.5em\u00bb body_font=\u00bbOpen Sans||||\u00bb body_font_size=\u00bb15&#8243;]<\/p>\n<p><a href=\"https:\/\/goo.gl\/maps\/1qJvo9ZQF2M2\">a comp\u00e1s Studio&amp;Location<br \/>\nH\u00f6fe am S\u00fcdstern | Hof 3<br \/>\nHasenheide 54, 10967 Berlin<\/a><\/p>\n<p>[\/et_pb_blurb][\/et_pb_column_inner][et_pb_column_inner type=\u00bb1_2&#8243; saved_specialty_column_type=\u00bb2_3&#8243;][et_pb_blurb admin_label=\u00bbBlurb\u00bb url=\u00bbmailto:info@laura-la-risa.de\u00bb url_new_window=\u00bboff\u00bb use_icon=\u00bbon\u00bb font_icon=\u00bb%%109%%\u00bb icon_color=\u00bb#be1818&#8243; use_circle=\u00bboff\u00bb circle_color=\u00bb#fcbf00&#8243; use_circle_border=\u00bboff\u00bb circle_border_color=\u00bb#fcbf00&#8243; icon_placement=\u00bbleft\u00bb animation=\u00bbtop\u00bb background_layout=\u00bbdark\u00bb text_orientation=\u00bbleft\u00bb use_icon_font_size=\u00bbon\u00bb icon_font_size=\u00bb20&#8243; use_border_color=\u00bboff\u00bb border_color=\u00bb#ffffff\u00bb border_style=\u00bbsolid\u00bb custom_margin=\u00bb||0px|\u00bb custom_padding=\u00bb||15px|\u00bb body_text_color=\u00bb#ffffff\u00bb body_font=\u00bbOpen Sans||||\u00bb body_font_size=\u00bb16&#8243; body_line_height=\u00bb1.5em\u00bb]<\/p>\n<p><a href=\"mailto:info@laura-la-risa.de\">info@laura-la-risa.de<\/a><\/p>\n<p>[\/et_pb_blurb][et_pb_blurb admin_label=\u00bbBlurb\u00bb url=\u00bbtel:+49306943292&#8243; url_new_window=\u00bboff\u00bb use_icon=\u00bbon\u00bb font_icon=\u00bb%%104%%\u00bb icon_color=\u00bb#be1818&#8243; use_circle=\u00bboff\u00bb circle_color=\u00bb#fcbf00&#8243; use_circle_border=\u00bboff\u00bb circle_border_color=\u00bb#fcbf00&#8243; icon_placement=\u00bbleft\u00bb animation=\u00bbtop\u00bb background_layout=\u00bbdark\u00bb text_orientation=\u00bbleft\u00bb use_icon_font_size=\u00bbon\u00bb icon_font_size=\u00bb20&#8243; use_border_color=\u00bboff\u00bb border_color=\u00bb#ffffff\u00bb border_style=\u00bbsolid\u00bb body_text_color=\u00bb#ffffff\u00bb body_font=\u00bbOpen Sans||||\u00bb body_font_size=\u00bb16&#8243; body_line_height=\u00bb1.5em\u00bb header_letter_spacing=\u00bb16px\u00bb header_font_size=\u00bb1&#8243;]<\/p>\n<p><a href=\"tel:+49306943292\">030 694 32 92<\/a><\/p>\n<p>[\/et_pb_blurb][\/et_pb_column_inner][\/et_pb_row_inner][\/et_pb_column][\/et_pb_section]<\/p>\n","protected":false},"excerpt":{"rendered":"<p>Archivo de\u00a0Prensa Prensa en\u00a02018 Carlos el Canario stimmt die spanische Gitarre an und Laura la Risa wirft energisch ihren Rock mit vielen Volants von links nach rechts. Dabei stampft sie einen Staccato-Rhythmus auf den Boden, als w\u00fcrde sie mit ihren hohen Abs\u00e4tzen trommeln. Nach vielen wilden Drehungen steckt sie in der Schlusspose die H\u00e4nde mit [&hellip;]<\/p>\n","protected":false},"author":1,"featured_media":0,"parent":0,"menu_order":0,"comment_status":"closed","ping_status":"closed","template":"","meta":{"_et_pb_use_builder":"on","_et_pb_old_content":"","_et_gb_content_width":"","footnotes":""},"class_list":["post-30132","page","type-page","status-publish","hentry"],"yoast_head":"<!-- This site is optimized with the Yoast SEO plugin v26.8 - https:\/\/yoast.com\/product\/yoast-seo-wordpress\/ -->\n<title>Prensa - Laura la Risa<\/title>\n<meta name=\"robots\" content=\"index, follow, max-snippet:-1, max-image-preview:large, max-video-preview:-1\" \/>\n<link rel=\"canonical\" href=\"https:\/\/laura-la-risa.de\/es\/pressearchiv\" \/>\n<meta property=\"og:locale\" content=\"es_ES\" \/>\n<meta property=\"og:type\" content=\"article\" \/>\n<meta property=\"og:title\" content=\"Prensa - Laura la Risa\" \/>\n<meta property=\"og:description\" content=\"Archivo de\u00a0Prensa Prensa en\u00a02018 Carlos el Canario stimmt die spanische Gitarre an und Laura la Risa wirft energisch ihren Rock mit vielen Volants von links nach rechts. Dabei stampft sie einen Staccato-Rhythmus auf den Boden, als w\u00fcrde sie mit ihren hohen Abs\u00e4tzen trommeln. Nach vielen wilden Drehungen steckt sie in der Schlusspose die H\u00e4nde mit [&hellip;]\" \/>\n<meta property=\"og:url\" content=\"https:\/\/laura-la-risa.de\/es\/pressearchiv\" \/>\n<meta property=\"og:site_name\" content=\"Laura la Risa\" \/>\n<meta property=\"article:modified_time\" content=\"2018-06-30T19:08:46+00:00\" \/>\n<meta property=\"og:image\" content=\"http:\/\/laura-la-risa.de.w01c716b.kasserver.com\/wp-content\/uploads\/2016\/09\/ryanair-sevilla-laura-la-risa-300x225.jpg\" \/>\n<meta name=\"twitter:card\" content=\"summary_large_image\" \/>\n<meta name=\"twitter:label1\" content=\"Tiempo de lectura\" \/>\n\t<meta name=\"twitter:data1\" content=\"66 minutos\" \/>\n<script type=\"application\/ld+json\" class=\"yoast-schema-graph\">{\"@context\":\"https:\/\/schema.org\",\"@graph\":[{\"@type\":\"WebPage\",\"@id\":\"https:\/\/laura-la-risa.de\/es\/pressearchiv\",\"url\":\"https:\/\/laura-la-risa.de\/es\/pressearchiv\",\"name\":\"Prensa - Laura la Risa\",\"isPartOf\":{\"@id\":\"https:\/\/laura-la-risa.de\/#website\"},\"primaryImageOfPage\":{\"@id\":\"https:\/\/laura-la-risa.de\/es\/pressearchiv#primaryimage\"},\"image\":{\"@id\":\"https:\/\/laura-la-risa.de\/es\/pressearchiv#primaryimage\"},\"thumbnailUrl\":\"http:\/\/laura-la-risa.de.w01c716b.kasserver.com\/wp-content\/uploads\/2016\/09\/ryanair-sevilla-laura-la-risa-300x225.jpg\",\"datePublished\":\"2016-09-04T13:08:50+00:00\",\"dateModified\":\"2018-06-30T19:08:46+00:00\",\"breadcrumb\":{\"@id\":\"https:\/\/laura-la-risa.de\/es\/pressearchiv#breadcrumb\"},\"inLanguage\":\"es\",\"potentialAction\":[{\"@type\":\"ReadAction\",\"target\":[\"https:\/\/laura-la-risa.de\/es\/pressearchiv\"]}]},{\"@type\":\"ImageObject\",\"inLanguage\":\"es\",\"@id\":\"https:\/\/laura-la-risa.de\/es\/pressearchiv#primaryimage\",\"url\":\"http:\/\/laura-la-risa.de.w01c716b.kasserver.com\/wp-content\/uploads\/2016\/09\/ryanair-sevilla-laura-la-risa-300x225.jpg\",\"contentUrl\":\"http:\/\/laura-la-risa.de.w01c716b.kasserver.com\/wp-content\/uploads\/2016\/09\/ryanair-sevilla-laura-la-risa-300x225.jpg\"},{\"@type\":\"BreadcrumbList\",\"@id\":\"https:\/\/laura-la-risa.de\/es\/pressearchiv#breadcrumb\",\"itemListElement\":[{\"@type\":\"ListItem\",\"position\":1,\"name\":\"Startseite\",\"item\":\"https:\/\/laura-la-risa.de\/es\"},{\"@type\":\"ListItem\",\"position\":2,\"name\":\"Prensa\"}]},{\"@type\":\"WebSite\",\"@id\":\"https:\/\/laura-la-risa.de\/#website\",\"url\":\"https:\/\/laura-la-risa.de\/\",\"name\":\"Laura la Risa\",\"description\":\"flamenco puro\",\"potentialAction\":[{\"@type\":\"SearchAction\",\"target\":{\"@type\":\"EntryPoint\",\"urlTemplate\":\"https:\/\/laura-la-risa.de\/?s={search_term_string}\"},\"query-input\":{\"@type\":\"PropertyValueSpecification\",\"valueRequired\":true,\"valueName\":\"search_term_string\"}}],\"inLanguage\":\"es\"}]}<\/script>\n<!-- \/ Yoast SEO plugin. -->","yoast_head_json":{"title":"Prensa - Laura la Risa","robots":{"index":"index","follow":"follow","max-snippet":"max-snippet:-1","max-image-preview":"max-image-preview:large","max-video-preview":"max-video-preview:-1"},"canonical":"https:\/\/laura-la-risa.de\/es\/pressearchiv","og_locale":"es_ES","og_type":"article","og_title":"Prensa - Laura la Risa","og_description":"Archivo de\u00a0Prensa Prensa en\u00a02018 Carlos el Canario stimmt die spanische Gitarre an und Laura la Risa wirft energisch ihren Rock mit vielen Volants von links nach rechts. Dabei stampft sie einen Staccato-Rhythmus auf den Boden, als w\u00fcrde sie mit ihren hohen Abs\u00e4tzen trommeln. Nach vielen wilden Drehungen steckt sie in der Schlusspose die H\u00e4nde mit [&hellip;]","og_url":"https:\/\/laura-la-risa.de\/es\/pressearchiv","og_site_name":"Laura la Risa","article_modified_time":"2018-06-30T19:08:46+00:00","og_image":[{"url":"http:\/\/laura-la-risa.de.w01c716b.kasserver.com\/wp-content\/uploads\/2016\/09\/ryanair-sevilla-laura-la-risa-300x225.jpg","type":"","width":"","height":""}],"twitter_card":"summary_large_image","twitter_misc":{"Tiempo de lectura":"66 minutos"},"schema":{"@context":"https:\/\/schema.org","@graph":[{"@type":"WebPage","@id":"https:\/\/laura-la-risa.de\/es\/pressearchiv","url":"https:\/\/laura-la-risa.de\/es\/pressearchiv","name":"Prensa - Laura la Risa","isPartOf":{"@id":"https:\/\/laura-la-risa.de\/#website"},"primaryImageOfPage":{"@id":"https:\/\/laura-la-risa.de\/es\/pressearchiv#primaryimage"},"image":{"@id":"https:\/\/laura-la-risa.de\/es\/pressearchiv#primaryimage"},"thumbnailUrl":"http:\/\/laura-la-risa.de.w01c716b.kasserver.com\/wp-content\/uploads\/2016\/09\/ryanair-sevilla-laura-la-risa-300x225.jpg","datePublished":"2016-09-04T13:08:50+00:00","dateModified":"2018-06-30T19:08:46+00:00","breadcrumb":{"@id":"https:\/\/laura-la-risa.de\/es\/pressearchiv#breadcrumb"},"inLanguage":"es","potentialAction":[{"@type":"ReadAction","target":["https:\/\/laura-la-risa.de\/es\/pressearchiv"]}]},{"@type":"ImageObject","inLanguage":"es","@id":"https:\/\/laura-la-risa.de\/es\/pressearchiv#primaryimage","url":"http:\/\/laura-la-risa.de.w01c716b.kasserver.com\/wp-content\/uploads\/2016\/09\/ryanair-sevilla-laura-la-risa-300x225.jpg","contentUrl":"http:\/\/laura-la-risa.de.w01c716b.kasserver.com\/wp-content\/uploads\/2016\/09\/ryanair-sevilla-laura-la-risa-300x225.jpg"},{"@type":"BreadcrumbList","@id":"https:\/\/laura-la-risa.de\/es\/pressearchiv#breadcrumb","itemListElement":[{"@type":"ListItem","position":1,"name":"Startseite","item":"https:\/\/laura-la-risa.de\/es"},{"@type":"ListItem","position":2,"name":"Prensa"}]},{"@type":"WebSite","@id":"https:\/\/laura-la-risa.de\/#website","url":"https:\/\/laura-la-risa.de\/","name":"Laura la Risa","description":"flamenco puro","potentialAction":[{"@type":"SearchAction","target":{"@type":"EntryPoint","urlTemplate":"https:\/\/laura-la-risa.de\/?s={search_term_string}"},"query-input":{"@type":"PropertyValueSpecification","valueRequired":true,"valueName":"search_term_string"}}],"inLanguage":"es"}]}},"jetpack_sharing_enabled":true,"jetpack_shortlink":"https:\/\/wp.me\/P972UP-7Q0","jetpack-related-posts":[{"id":29899,"url":"https:\/\/laura-la-risa.de\/es\/news","url_meta":{"origin":30132,"position":0},"title":"Noticias","author":"Emilio","date":"4. septiembre 2016","format":false,"excerpt":"","rel":"","context":"Entrada similar","block_context":{"text":"Entrada similar","link":""},"img":{"alt_text":"","src":"","width":0,"height":0},"classes":[]},{"id":30134,"url":"https:\/\/laura-la-risa.de\/es","url_meta":{"origin":30132,"position":1},"title":"Laura la Risa","author":"Emilio","date":"4. septiembre 2016","format":false,"excerpt":"","rel":"","context":"Entrada similar","block_context":{"text":"Entrada similar","link":""},"img":{"alt_text":"","src":"","width":0,"height":0},"classes":[]},{"id":28762,"url":"https:\/\/laura-la-risa.de\/news","url_meta":{"origin":30132,"position":2},"title":"News","author":"Emilio","date":"4. septiembre 2016","format":false,"excerpt":"","rel":"","context":"Entrada similar","block_context":{"text":"Entrada similar","link":""},"img":{"alt_text":"","src":"","width":0,"height":0},"classes":[]},{"id":28720,"url":"https:\/\/laura-la-risa.de\/laura-la-risa","url_meta":{"origin":30132,"position":3},"title":"Laura la Risa","author":"Emilio","date":"4. septiembre 2016","format":false,"excerpt":"","rel":"","context":"Entrada similar","block_context":{"text":"Entrada similar","link":""},"img":{"alt_text":"","src":"","width":0,"height":0},"classes":[]},{"id":115,"url":"https:\/\/laura-la-risa.de\/pressearchiv","url_meta":{"origin":30132,"position":4},"title":"Presse","author":"Emilio","date":"4. septiembre 2016","format":false,"excerpt":"","rel":"","context":"Entrada similar","block_context":{"text":"Entrada similar","link":""},"img":{"alt_text":"#alarmstuferot","src":"https:\/\/i0.wp.com\/laura-la-risa.de.w01c716b.kasserver.com\/wp-content\/uploads\/2021\/02\/alarmstufe-rot-300x166.jpg?resize=350%2C200","width":350,"height":200},"classes":[]},{"id":30133,"url":"https:\/\/laura-la-risa.de\/es\/auftritte","url_meta":{"origin":30132,"position":5},"title":"Espect\u00e1culos","author":"Emilio","date":"4. septiembre 2016","format":false,"excerpt":"","rel":"","context":"Entrada similar","block_context":{"text":"Entrada similar","link":""},"img":{"alt_text":"","src":"","width":0,"height":0},"classes":[]}],"jetpack_likes_enabled":true,"_links":{"self":[{"href":"https:\/\/laura-la-risa.de\/es\/wp-json\/wp\/v2\/pages\/30132","targetHints":{"allow":["GET"]}}],"collection":[{"href":"https:\/\/laura-la-risa.de\/es\/wp-json\/wp\/v2\/pages"}],"about":[{"href":"https:\/\/laura-la-risa.de\/es\/wp-json\/wp\/v2\/types\/page"}],"author":[{"embeddable":true,"href":"https:\/\/laura-la-risa.de\/es\/wp-json\/wp\/v2\/users\/1"}],"replies":[{"embeddable":true,"href":"https:\/\/laura-la-risa.de\/es\/wp-json\/wp\/v2\/comments?post=30132"}],"version-history":[{"count":19,"href":"https:\/\/laura-la-risa.de\/es\/wp-json\/wp\/v2\/pages\/30132\/revisions"}],"predecessor-version":[{"id":30306,"href":"https:\/\/laura-la-risa.de\/es\/wp-json\/wp\/v2\/pages\/30132\/revisions\/30306"}],"wp:attachment":[{"href":"https:\/\/laura-la-risa.de\/es\/wp-json\/wp\/v2\/media?parent=30132"}],"curies":[{"name":"wp","href":"https:\/\/api.w.org\/{rel}","templated":true}]}}